{"id":336,"date":"2020-04-28T07:46:29","date_gmt":"2020-04-28T07:46:29","guid":{"rendered":"https:\/\/demo.detheme.com\/grade-machinery\/?page_id=336"},"modified":"2021-07-14T14:04:05","modified_gmt":"2021-07-14T14:04:05","slug":"blog","status":"publish","type":"page","link":"http:\/\/www.inq.mx\/ttx\/blog\/","title":{"rendered":"Blog"},"content":{"rendered":"\t\t<div data-elementor-type=\"wp-page\" data-elementor-id=\"336\" class=\"elementor elementor-336\" data-elementor-settings=\"[]\">\n\t\t\t\t\t\t<div class=\"elementor-inner\">\n\t\t\t\t\t\t\t<div class=\"elementor-section-wrap\">\n\t\t\t\t\t\t\t<section class=\"elementor-section elementor-top-section elementor-element elementor-element-422a7093 elementor-section-height-min-height elementor-section-boxed elementor-section-height-default elementor-section-items-middle\" data-id=\"422a7093\" data-element_type=\"section\" data-settings=\"{&quot;background_background&quot;:&quot;classic&quot;,&quot;ekit_has_onepagescroll_dot&quot;:&quot;yes&quot;}\">\n\t\t\t\t\t\t\t<div class=\"elementor-background-overlay\"><\/div>\n\t\t\t\t\t\t\t<div class=\"elementor-container elementor-column-gap-wider\">\n\t\t\t\t\t\t\t<div class=\"elementor-row\">\n\t\t\t\t\t<div class=\"elementor-column elementor-col-100 elementor-top-column elementor-element elementor-element-27ee7530\" data-id=\"27ee7530\" data-element_type=\"column\">\n\t\t\t<div class=\"elementor-column-wrap elementor-element-populated\">\n\t\t\t\t\t\t\t<div class=\"elementor-widget-wrap\">\n\t\t\t\t\t\t<div class=\"elementor-element elementor-element-5ec3a326 elementor-widget elementor-widget-heading\" data-id=\"5ec3a326\" data-element_type=\"widget\" data-widget_type=\"heading.default\">\n\t\t\t\t<div class=\"elementor-widget-container\">\n\t\t\t<h1 class=\"elementor-heading-title elementor-size-default\">Blog<\/h1>\t\t<\/div>\n\t\t\t\t<\/div>\n\t\t\t\t\t\t<\/div>\n\t\t\t\t\t<\/div>\n\t\t<\/div>\n\t\t\t\t\t\t\t\t<\/div>\n\t\t\t\t\t<\/div>\n\t\t<\/section>\n\t\t\t\t<section class=\"elementor-section elementor-top-section elementor-element elementor-element-516b10a4 elementor-section-full_width elementor-section-height-default elementor-section-height-default\" data-id=\"516b10a4\" data-element_type=\"section\" data-settings=\"{&quot;ekit_has_onepagescroll_dot&quot;:&quot;yes&quot;}\">\n\t\t\t\t\t\t<div class=\"elementor-container elementor-column-gap-default\">\n\t\t\t\t\t\t\t<div class=\"elementor-row\">\n\t\t\t\t\t<div class=\"elementor-column elementor-col-100 elementor-top-column elementor-element elementor-element-2a30f099\" data-id=\"2a30f099\" data-element_type=\"column\">\n\t\t\t<div class=\"elementor-column-wrap elementor-element-populated\">\n\t\t\t\t\t\t\t<div class=\"elementor-widget-wrap\">\n\t\t\t\t\t\t<div class=\"elementor-element elementor-element-3339e765 elementor-widget elementor-widget-elementskit-blog-posts\" data-id=\"3339e765\" data-element_type=\"widget\" data-widget_type=\"elementskit-blog-posts.default\">\n\t\t\t\t<div class=\"elementor-widget-container\">\n\t\t\t<div class=\"ekit-wid-con\" >        <div id=\"post-items--3339e765\" class=\"row post-items\" data-masonry=\"true\">\n                    <div class=\"col-lg-4 col-md-6\">\n\n                                    <div class=\"elementskit-post-image-card\">\n                        <div class=\"elementskit-entry-header\">\n                                                            <a href=\"http:\/\/www.inq.mx\/ttx\/destaca-participacion-de-ttx-mexico-en-expo-manufactura-2026-con-enfoque-en-innovacion-transformacion-tecnologica-y-eficiencia-industrial-en-acabados-superficiales\/\" class=\"elementskit-entry-thumb\">\n                                    <img src=\"http:\/\/www.inq.mx\/ttx\/wp-content\/uploads\/2026\/02\/DSC2675.jpeg\" alt=\"Destaca participaci\u00f3n de TTX M\u00e9xico en Expo Manufactura 2026 con enfoque en innovaci\u00f3n, transformaci\u00f3n tecnol\u00f3gica y eficiencia industrial en acabados superficiales\">\n                                <\/a><!-- .elementskit-entry-thumb END -->\n                                                            \n                                                    <\/div><!-- .elementskit-entry-header END -->\n\n                        <div class=\"elementskit-post-body \">\n                            \n                                                                                                                <div class=\"post-meta-list\">\n                                                                                                <span class=\"meta-date\">\n\n                                <i aria-hidden=\"true\" class=\"far fa-calendar-alt\"><\/i>\n                                <span class=\"meta-date-text\">\n                                    febrero 11, 2026                                <\/span>\n                            <\/span>\n                                                                                                            <\/div>\n                                                                        \n                                        \n                                                                                                <h2 class=\"entry-title\">\n                    <a href=\"http:\/\/www.inq.mx\/ttx\/destaca-participacion-de-ttx-mexico-en-expo-manufactura-2026-con-enfoque-en-innovacion-transformacion-tecnologica-y-eficiencia-industrial-en-acabados-superficiales\/\">\n                            Destaca participaci\u00f3n de TTX M\u00e9xico en Expo Manufactura 2026 con enfoque en innovaci\u00f3n, transformaci\u00f3n tecnol\u00f3gica y eficiencia industrial en acabados superficiales                    <\/a>\n                <\/h2>\n                                                                                                                                                                                            <p>En el marco de la 30a. edici\u00f3n de Expo Manufactura 2026, TTX M\u00e9xico, tuvo una participaci\u00f3n relevante dentro del primer pabell\u00f3n Finishing, Facilities and Maintenance (FF&amp;M) y en el Summit del evento, donde abord\u00f3 el papel de la innovaci\u00f3n, transformaci\u00f3n tecnol\u00f3gica y el fortalecimiento del sector de acabados superficiales. Durante tres d\u00edas, la empresa l\u00edder [&hellip;]<\/p>\n                                                                                                                                                        <div class=\"btn-wraper\">\n                                    \n                                                                            <a href=\"http:\/\/www.inq.mx\/ttx\/destaca-participacion-de-ttx-mexico-en-expo-manufactura-2026-con-enfoque-en-innovacion-transformacion-tecnologica-y-eficiencia-industrial-en-acabados-superficiales\/\" class=\"elementskit-btn \" >\n                                                                                    Leer m\u00e1s                                        <\/a>\n                                                                    <\/div>\n                                                    <\/div><!-- .elementskit-post-body END -->\n                    <\/div>\n                \n            <\/div>\n                    <div class=\"col-lg-4 col-md-6\">\n\n                                    <div class=\"elementskit-post-image-card\">\n                        <div class=\"elementskit-entry-header\">\n                                                            <a href=\"http:\/\/www.inq.mx\/ttx\/mantiene-ttx-mexico-su-compromiso-impulsando-a-la-comunidad-durante-2025\/\" class=\"elementskit-entry-thumb\">\n                                    <img src=\"http:\/\/www.inq.mx\/ttx\/wp-content\/uploads\/2025\/12\/BANNER-TTX-01.png\" alt=\"Mantiene TTX M\u00e9xico su compromiso impulsando a la comunidad durante 2025\">\n                                <\/a><!-- .elementskit-entry-thumb END -->\n                                                            \n                                                    <\/div><!-- .elementskit-entry-header END -->\n\n                        <div class=\"elementskit-post-body \">\n                            \n                                                                                                                <div class=\"post-meta-list\">\n                                                                                                <span class=\"meta-date\">\n\n                                <i aria-hidden=\"true\" class=\"far fa-calendar-alt\"><\/i>\n                                <span class=\"meta-date-text\">\n                                    diciembre 31, 2025                                <\/span>\n                            <\/span>\n                                                                                                            <\/div>\n                                                                        \n                                        \n                                                                                                <h2 class=\"entry-title\">\n                    <a href=\"http:\/\/www.inq.mx\/ttx\/mantiene-ttx-mexico-su-compromiso-impulsando-a-la-comunidad-durante-2025\/\">\n                            Mantiene TTX M\u00e9xico su compromiso impulsando a la comunidad durante 2025                    <\/a>\n                <\/h2>\n                                                                                                                                                                                            <p>La empresa l\u00edder en dise\u00f1o, fabricaci\u00f3n, instalaci\u00f3n y servicio de sistemas de acabados superficiales, TTX M\u00e9xico, durante 2025 apoy\u00f3 diferentes iniciativas que dejaron un gran impacto en la comunidad. \u00a0 Fiel al compromiso de la Misi\u00f3n global de la compa\u00f1\u00eda el cual, entre otras directrices, mandata el impulsar a la comunidad, particip\u00f3 activamente apoyando proyectos [&hellip;]<\/p>\n                                                                                                                                                        <div class=\"btn-wraper\">\n                                    \n                                                                            <a href=\"http:\/\/www.inq.mx\/ttx\/mantiene-ttx-mexico-su-compromiso-impulsando-a-la-comunidad-durante-2025\/\" class=\"elementskit-btn \" >\n                                                                                    Leer m\u00e1s                                        <\/a>\n                                                                    <\/div>\n                                                    <\/div><!-- .elementskit-post-body END -->\n                    <\/div>\n                \n            <\/div>\n                    <div class=\"col-lg-4 col-md-6\">\n\n                                    <div class=\"elementskit-post-image-card\">\n                        <div class=\"elementskit-entry-header\">\n                                                            <a href=\"http:\/\/www.inq.mx\/ttx\/impulsa-ttx-mexico-entrenamiento-especializado-de-clase-mundial-en-recubrimientos\/\" class=\"elementskit-entry-thumb\">\n                                    <img src=\"http:\/\/www.inq.mx\/ttx\/wp-content\/uploads\/2025\/11\/IMG_4861-scaled.jpg\" alt=\"Impulsa TTX M\u00e9xico entrenamiento especializado de clase mundial en recubrimientos\">\n                                <\/a><!-- .elementskit-entry-thumb END -->\n                                                            \n                                                    <\/div><!-- .elementskit-entry-header END -->\n\n                        <div class=\"elementskit-post-body \">\n                            \n                                                                                                                <div class=\"post-meta-list\">\n                                                                                                <span class=\"meta-date\">\n\n                                <i aria-hidden=\"true\" class=\"far fa-calendar-alt\"><\/i>\n                                <span class=\"meta-date-text\">\n                                    noviembre 19, 2025                                <\/span>\n                            <\/span>\n                                                                                                            <\/div>\n                                                                        \n                                        \n                                                                                                <h2 class=\"entry-title\">\n                    <a href=\"http:\/\/www.inq.mx\/ttx\/impulsa-ttx-mexico-entrenamiento-especializado-de-clase-mundial-en-recubrimientos\/\">\n                            Impulsa TTX M\u00e9xico entrenamiento especializado de clase mundial en recubrimientos                    <\/a>\n                <\/h2>\n                                                                                                                                                                                            <p>En el marco del Seminario Pr\u00e1ctico de Pintura en Polvo que se realiza en las instalaciones de Nordson de M\u00e9xico, tuvimos oportunidad de platicar con Pedro Castillo, Managing Director de TTX M\u00e9xico y Subsidiarias, quien nos comparti\u00f3 la importancia que tiene para la compa\u00f1\u00eda impulsar el entrenamiento especializado de clase mundial, participando en este tipo [&hellip;]<\/p>\n                                                                                                                                                        <div class=\"btn-wraper\">\n                                    \n                                                                            <a href=\"http:\/\/www.inq.mx\/ttx\/impulsa-ttx-mexico-entrenamiento-especializado-de-clase-mundial-en-recubrimientos\/\" class=\"elementskit-btn \" >\n                                                                                    Leer m\u00e1s                                        <\/a>\n                                                                    <\/div>\n                                                    <\/div><!-- .elementskit-post-body END -->\n                    <\/div>\n                \n            <\/div>\n                    <div class=\"col-lg-4 col-md-6\">\n\n                                    <div class=\"elementskit-post-image-card\">\n                        <div class=\"elementskit-entry-header\">\n                                                            <a href=\"http:\/\/www.inq.mx\/ttx\/apoya-ttx-mexico-a-equipo-de-parrilleras-juveniles-en-competencia-profesional\/\" class=\"elementskit-entry-thumb\">\n                                    <img src=\"http:\/\/www.inq.mx\/ttx\/wp-content\/uploads\/2025\/08\/image002.jpg\" alt=\"Apoya TTX M\u00e9xico a equipo de parrilleras juveniles en competencia profesional\">\n                                <\/a><!-- .elementskit-entry-thumb END -->\n                                                            \n                                                    <\/div><!-- .elementskit-entry-header END -->\n\n                        <div class=\"elementskit-post-body \">\n                            \n                                                                                                                <div class=\"post-meta-list\">\n                                                                                                <span class=\"meta-date\">\n\n                                <i aria-hidden=\"true\" class=\"far fa-calendar-alt\"><\/i>\n                                <span class=\"meta-date-text\">\n                                    agosto 19, 2025                                <\/span>\n                            <\/span>\n                                                                                                            <\/div>\n                                                                        \n                                        \n                                                                                                <h2 class=\"entry-title\">\n                    <a href=\"http:\/\/www.inq.mx\/ttx\/apoya-ttx-mexico-a-equipo-de-parrilleras-juveniles-en-competencia-profesional\/\">\n                            Apoya TTX M\u00e9xico a equipo de parrilleras juveniles en competencia profesional                    <\/a>\n                <\/h2>\n                                                                                                                                                                                            <p>La empresa l\u00edder en sistemas de acabados superficiales a nivel global TTX M\u00e9xico, junto con una de sus subsidiarias MTX Servicios\u00ae, patrocinaron al equipo juvenil\u00a0\u201cBailarinas al Carb\u00f3n\u201d en su participaci\u00f3n en el Grill Master H-E-B, la competencia profesional de parrilleros m\u00e1s grande de Latinoam\u00e9rica. &nbsp; Es base fundamental de la directriz impresa en la Misi\u00f3n [&hellip;]<\/p>\n                                                                                                                                                        <div class=\"btn-wraper\">\n                                    \n                                                                            <a href=\"http:\/\/www.inq.mx\/ttx\/apoya-ttx-mexico-a-equipo-de-parrilleras-juveniles-en-competencia-profesional\/\" class=\"elementskit-btn \" >\n                                                                                    Leer m\u00e1s                                        <\/a>\n                                                                    <\/div>\n                                                    <\/div><!-- .elementskit-post-body END -->\n                    <\/div>\n                \n            <\/div>\n                    <div class=\"col-lg-4 col-md-6\">\n\n                                    <div class=\"elementskit-post-image-card\">\n                        <div class=\"elementskit-entry-header\">\n                                                            <a href=\"http:\/\/www.inq.mx\/ttx\/anuncia-ttx-mexico-participacion-en-eventos-del-segundo-semestre\/\" class=\"elementskit-entry-thumb\">\n                                    <img src=\"http:\/\/www.inq.mx\/ttx\/wp-content\/uploads\/2025\/05\/WhatsApp-Image-2025-05-16-at-11.50.03-AM.jpeg\" alt=\"Anuncia TTX M\u00e9xico participaci\u00f3n en eventos del segundo semestre\">\n                                <\/a><!-- .elementskit-entry-thumb END -->\n                                                            \n                                                    <\/div><!-- .elementskit-entry-header END -->\n\n                        <div class=\"elementskit-post-body \">\n                            \n                                                                                                                <div class=\"post-meta-list\">\n                                                                                                <span class=\"meta-date\">\n\n                                <i aria-hidden=\"true\" class=\"far fa-calendar-alt\"><\/i>\n                                <span class=\"meta-date-text\">\n                                    mayo 16, 2025                                <\/span>\n                            <\/span>\n                                                                                                            <\/div>\n                                                                        \n                                        \n                                                                                                <h2 class=\"entry-title\">\n                    <a href=\"http:\/\/www.inq.mx\/ttx\/anuncia-ttx-mexico-participacion-en-eventos-del-segundo-semestre\/\">\n                            Anuncia TTX M\u00e9xico participaci\u00f3n en eventos del segundo semestre                    <\/a>\n                <\/h2>\n                                                                                                                                                                                            <p>Participar de manera activa en los eventos y exposiciones comerciales de la industria es un compromiso que TTX M\u00e9xico honra para llevar su tecnolog\u00eda del m\u00e1s alto nivel a todas las industrias en donde tiene presencia. Para el segundo semestre del a\u00f1o se tiene confirmada la participaci\u00f3n en los siguientes eventos: Junio SUR\/FIN\u00a0 3 al [&hellip;]<\/p>\n                                                                                                                                                        <div class=\"btn-wraper\">\n                                    \n                                                                            <a href=\"http:\/\/www.inq.mx\/ttx\/anuncia-ttx-mexico-participacion-en-eventos-del-segundo-semestre\/\" class=\"elementskit-btn \" >\n                                                                                    Leer m\u00e1s                                        <\/a>\n                                                                    <\/div>\n                                                    <\/div><!-- .elementskit-post-body END -->\n                    <\/div>\n                \n            <\/div>\n                    <div class=\"col-lg-4 col-md-6\">\n\n                                    <div class=\"elementskit-post-image-card\">\n                        <div class=\"elementskit-entry-header\">\n                                                            <a href=\"http:\/\/www.inq.mx\/ttx\/presenta-especialista-de-ttx-mexico-ventajas-de-la-lubricacion-de-pelicula-seca-para-transportadores-de-cadena\/\" class=\"elementskit-entry-thumb\">\n                                    <img src=\"http:\/\/www.inq.mx\/ttx\/wp-content\/uploads\/2025\/05\/eduardo-ok-e1747410587441.jpeg\" alt=\"Presenta especialista de TTX M\u00e9xico ventajas de la lubricaci\u00f3n de pel\u00edcula seca para transportadores de cadena\">\n                                <\/a><!-- .elementskit-entry-thumb END -->\n                                                            \n                                                    <\/div><!-- .elementskit-entry-header END -->\n\n                        <div class=\"elementskit-post-body \">\n                            \n                                                                                                                <div class=\"post-meta-list\">\n                                                                                                <span class=\"meta-date\">\n\n                                <i aria-hidden=\"true\" class=\"far fa-calendar-alt\"><\/i>\n                                <span class=\"meta-date-text\">\n                                    mayo 16, 2025                                <\/span>\n                            <\/span>\n                                                                                                            <\/div>\n                                                                        \n                                        \n                                                                                                <h2 class=\"entry-title\">\n                    <a href=\"http:\/\/www.inq.mx\/ttx\/presenta-especialista-de-ttx-mexico-ventajas-de-la-lubricacion-de-pelicula-seca-para-transportadores-de-cadena\/\">\n                            Presenta especialista de TTX M\u00e9xico ventajas de la lubricaci\u00f3n de pel\u00edcula seca para transportadores de cadena                    <\/a>\n                <\/h2>\n                                                                                                                                                                                            <p>En el marco de FABTECH M\u00c9XICO 2025, uno de los eventos m\u00e1s importantes del sector metalmec\u00e1nico y manufacturero, el Gerente de Operaciones de TTX M\u00e9xico, Eduardo Backmann, ofreci\u00f3 la conferencia t\u00e9cnica titulada \u201cCaracter\u00edsticas de la lubricaci\u00f3n de Pel\u00edcula Seca\u201d, ante profesionales de la industria interesados en nuevas tecnolog\u00edas de mantenimiento y eficiencia operativa de la [&hellip;]<\/p>\n                                                                                                                                                        <div class=\"btn-wraper\">\n                                    \n                                                                            <a href=\"http:\/\/www.inq.mx\/ttx\/presenta-especialista-de-ttx-mexico-ventajas-de-la-lubricacion-de-pelicula-seca-para-transportadores-de-cadena\/\" class=\"elementskit-btn \" >\n                                                                                    Leer m\u00e1s                                        <\/a>\n                                                                    <\/div>\n                                                    <\/div><!-- .elementskit-post-body END -->\n                    <\/div>\n                \n            <\/div>\n                    <div class=\"col-lg-4 col-md-6\">\n\n                                    <div class=\"elementskit-post-image-card\">\n                        <div class=\"elementskit-entry-header\">\n                                                            <a href=\"http:\/\/www.inq.mx\/ttx\/presenta-ttx-mexico-su-enfoque-tecnico-para-el-tratamiento-de-aguas-y-residuales-en-la-industria-de-acabados-superficiales\/\" class=\"elementskit-entry-thumb\">\n                                    <img src=\"http:\/\/www.inq.mx\/ttx\/wp-content\/uploads\/2025\/05\/IMG_2460.jpeg\" alt=\"Presenta TTX M\u00e9xico su enfoque t\u00e9cnico para el tratamiento de aguas y residuales en la industria de acabados superficiales\">\n                                <\/a><!-- .elementskit-entry-thumb END -->\n                                                            \n                                                    <\/div><!-- .elementskit-entry-header END -->\n\n                        <div class=\"elementskit-post-body \">\n                            \n                                                                                                                <div class=\"post-meta-list\">\n                                                                                                <span class=\"meta-date\">\n\n                                <i aria-hidden=\"true\" class=\"far fa-calendar-alt\"><\/i>\n                                <span class=\"meta-date-text\">\n                                    mayo 16, 2025                                <\/span>\n                            <\/span>\n                                                                                                            <\/div>\n                                                                        \n                                        \n                                                                                                <h2 class=\"entry-title\">\n                    <a href=\"http:\/\/www.inq.mx\/ttx\/presenta-ttx-mexico-su-enfoque-tecnico-para-el-tratamiento-de-aguas-y-residuales-en-la-industria-de-acabados-superficiales\/\">\n                            Presenta TTX M\u00e9xico su enfoque t\u00e9cnico para el tratamiento de aguas y residuales en la industria de acabados superficiales                    <\/a>\n                <\/h2>\n                                                                                                                                                                                            <p>Durante su participaci\u00f3n en FABTECH M\u00e9xico 2025, desde Monterrey, N.L., el Ing. Pedro D. Castillo, Managing Director para TTX M\u00e9xico y Subsidiarias, ofreci\u00f3 una conferencia t\u00e9cnica en la que abord\u00f3 un tema crucial para la industria de acabados superficiales y para la industria en general: el tratamiento de agua y residuales. &nbsp; El Ing. Castillo [&hellip;]<\/p>\n                                                                                                                                                        <div class=\"btn-wraper\">\n                                    \n                                                                            <a href=\"http:\/\/www.inq.mx\/ttx\/presenta-ttx-mexico-su-enfoque-tecnico-para-el-tratamiento-de-aguas-y-residuales-en-la-industria-de-acabados-superficiales\/\" class=\"elementskit-btn \" >\n                                                                                    Leer m\u00e1s                                        <\/a>\n                                                                    <\/div>\n                                                    <\/div><!-- .elementskit-post-body END -->\n                    <\/div>\n                \n            <\/div>\n                    <div class=\"col-lg-4 col-md-6\">\n\n                                    <div class=\"elementskit-post-image-card\">\n                        <div class=\"elementskit-entry-header\">\n                                                            <a href=\"http:\/\/www.inq.mx\/ttx\/impulsa-ttx-mexico-women-in-finishing\/\" class=\"elementskit-entry-thumb\">\n                                    <img src=\"http:\/\/www.inq.mx\/ttx\/wp-content\/uploads\/2025\/05\/WhatsApp-Image-2025-05-12-at-3.19.04-PM.jpeg\" alt=\"Impulsa TTX M\u00e9xico Women in Finishing\">\n                                <\/a><!-- .elementskit-entry-thumb END -->\n                                                            \n                                                    <\/div><!-- .elementskit-entry-header END -->\n\n                        <div class=\"elementskit-post-body \">\n                            \n                                                                                                                <div class=\"post-meta-list\">\n                                                                                                <span class=\"meta-date\">\n\n                                <i aria-hidden=\"true\" class=\"far fa-calendar-alt\"><\/i>\n                                <span class=\"meta-date-text\">\n                                    mayo 13, 2025                                <\/span>\n                            <\/span>\n                                                                                                            <\/div>\n                                                                        \n                                        \n                                                                                                <h2 class=\"entry-title\">\n                    <a href=\"http:\/\/www.inq.mx\/ttx\/impulsa-ttx-mexico-women-in-finishing\/\">\n                            Impulsa TTX M\u00e9xico Women in Finishing                    <\/a>\n                <\/h2>\n                                                                                                                                                                                            <p>Como parte del compromiso de impulsar iniciativas que beneficien a la industria, TTX M\u00e9xico particip\u00f3 como patrocinador del evento Women in Finishing que se llev\u00f3 a cabo en Grand Rapids, Michigan, del 7 al 9 de mayo. En este evento participaron Gabriela Cant\u00fa, Directora de Finanzas de TTX M\u00e9xico, y Montserrat Flores, Practicante de Ingenier\u00eda, [&hellip;]<\/p>\n                                                                                                                                                        <div class=\"btn-wraper\">\n                                    \n                                                                            <a href=\"http:\/\/www.inq.mx\/ttx\/impulsa-ttx-mexico-women-in-finishing\/\" class=\"elementskit-btn \" >\n                                                                                    Leer m\u00e1s                                        <\/a>\n                                                                    <\/div>\n                                                    <\/div><!-- .elementskit-post-body END -->\n                    <\/div>\n                \n            <\/div>\n                    <div class=\"col-lg-4 col-md-6\">\n\n                                    <div class=\"elementskit-post-image-card\">\n                        <div class=\"elementskit-entry-header\">\n                                                            <a href=\"http:\/\/www.inq.mx\/ttx\/membrane-technology-conference-and-exposition\/\" class=\"elementskit-entry-thumb\">\n                                    <img src=\"http:\/\/www.inq.mx\/ttx\/wp-content\/uploads\/2025\/02\/evento2.jpg\" alt=\"Membrane Technology Conference and Exposition\">\n                                <\/a><!-- .elementskit-entry-thumb END -->\n                                                            \n                                                    <\/div><!-- .elementskit-entry-header END -->\n\n                        <div class=\"elementskit-post-body \">\n                            \n                                                                                                                <div class=\"post-meta-list\">\n                                                                                                <span class=\"meta-date\">\n\n                                <i aria-hidden=\"true\" class=\"far fa-calendar-alt\"><\/i>\n                                <span class=\"meta-date-text\">\n                                    febrero 24, 2025                                <\/span>\n                            <\/span>\n                                                                                                            <\/div>\n                                                                        \n                                        \n                                                                                                <h2 class=\"entry-title\">\n                    <a href=\"http:\/\/www.inq.mx\/ttx\/membrane-technology-conference-and-exposition\/\">\n                            Membrane Technology Conference and Exposition                    <\/a>\n                <\/h2>\n                                                                                                                                                                                            <p>Membrane Technology Conference and Exposition Long Beach, CA 24-27 February 2025 Long Beach Convention Center | HQ Hotels: Westin Long Beach &amp; Marriott Long Beach Membrane Technology Conference Te podr\u00eda interesar:\u00a0ExpoAcero 2025<\/p>\n                                                                                                                                                        <div class=\"btn-wraper\">\n                                    \n                                                                            <a href=\"http:\/\/www.inq.mx\/ttx\/membrane-technology-conference-and-exposition\/\" class=\"elementskit-btn \" >\n                                                                                    Leer m\u00e1s                                        <\/a>\n                                                                    <\/div>\n                                                    <\/div><!-- .elementskit-post-body END -->\n                    <\/div>\n                \n            <\/div>\n                    <div class=\"col-lg-4 col-md-6\">\n\n                                    <div class=\"elementskit-post-image-card\">\n                        <div class=\"elementskit-entry-header\">\n                                                            <a href=\"http:\/\/www.inq.mx\/ttx\/expoacero-2025\/\" class=\"elementskit-entry-thumb\">\n                                    <img src=\"http:\/\/www.inq.mx\/ttx\/wp-content\/uploads\/2025\/02\/467466854_122154244142301991_5349963413694523593_n-e1740423668610.jpg\" alt=\"ExpoAcero 2025\">\n                                <\/a><!-- .elementskit-entry-thumb END -->\n                                                            \n                                                    <\/div><!-- .elementskit-entry-header END -->\n\n                        <div class=\"elementskit-post-body \">\n                            \n                                                                                                                <div class=\"post-meta-list\">\n                                                                                                <span class=\"meta-date\">\n\n                                <i aria-hidden=\"true\" class=\"far fa-calendar-alt\"><\/i>\n                                <span class=\"meta-date-text\">\n                                    febrero 24, 2025                                <\/span>\n                            <\/span>\n                                                                                                            <\/div>\n                                                                        \n                                        \n                                                                                                <h2 class=\"entry-title\">\n                    <a href=\"http:\/\/www.inq.mx\/ttx\/expoacero-2025\/\">\n                            ExpoAcero 2025                    <\/a>\n                <\/h2>\n                                                                                                                                                                                            <p>ExpoAcero 2025 CINTERMEX en Monterrey, Nuevo Le\u00f3n 24-26 Marzo, 2025 HORARIOS DE EXPOSICI\u00d3N Lunes 24 de marzo \u2013 18:00 hrs. a 21:00 hrs. Martes 25 de marzo \u2013 10:00 hrs. a 20:00 hrs. Mi\u00e9rcoles 26 de marzo \u2013 10:00 hrs. a 20:00 hrs. &nbsp; ExpoAcero Te podr\u00eda interesar:\u00a0Powder Coating Week 2025<\/p>\n                                                                                                                                                        <div class=\"btn-wraper\">\n                                    \n                                                                            <a href=\"http:\/\/www.inq.mx\/ttx\/expoacero-2025\/\" class=\"elementskit-btn \" >\n                                                                                    Leer m\u00e1s                                        <\/a>\n                                                                    <\/div>\n                                                    <\/div><!-- .elementskit-post-body END -->\n                    <\/div>\n                \n            <\/div>\n                    <div class=\"col-lg-4 col-md-6\">\n\n                                    <div class=\"elementskit-post-image-card\">\n                        <div class=\"elementskit-entry-header\">\n                                                            <a href=\"http:\/\/www.inq.mx\/ttx\/powder-coating-week-2025\/\" class=\"elementskit-entry-thumb\">\n                                    <img src=\"http:\/\/www.inq.mx\/ttx\/wp-content\/uploads\/2025\/02\/evento1.jpg\" alt=\"Powder Coating Week 2025\">\n                                <\/a><!-- .elementskit-entry-thumb END -->\n                                                            \n                                                    <\/div><!-- .elementskit-entry-header END -->\n\n                        <div class=\"elementskit-post-body \">\n                            \n                                                                                                                <div class=\"post-meta-list\">\n                                                                                                <span class=\"meta-date\">\n\n                                <i aria-hidden=\"true\" class=\"far fa-calendar-alt\"><\/i>\n                                <span class=\"meta-date-text\">\n                                    febrero 24, 2025                                <\/span>\n                            <\/span>\n                                                                                                            <\/div>\n                                                                        \n                                        \n                                                                                                <h2 class=\"entry-title\">\n                    <a href=\"http:\/\/www.inq.mx\/ttx\/powder-coating-week-2025\/\">\n                            Powder Coating Week 2025                    <\/a>\n                <\/h2>\n                                                                                                                                                                                            <p>Powder Coating Week 2025 Orlando, FL April 14th \u2013 16th 2025 Location Renaissance Orlando at SeaWorld\u00ae https:\/\/conference.powdercoating.org\/ &nbsp; &nbsp; &nbsp; &nbsp; Te podr\u00eda interesar: FABTECH M\u00e9xico 2025<\/p>\n                                                                                                                                                        <div class=\"btn-wraper\">\n                                    \n                                                                            <a href=\"http:\/\/www.inq.mx\/ttx\/powder-coating-week-2025\/\" class=\"elementskit-btn \" >\n                                                                                    Leer m\u00e1s                                        <\/a>\n                                                                    <\/div>\n                                                    <\/div><!-- .elementskit-post-body END -->\n                    <\/div>\n                \n            <\/div>\n                    <div class=\"col-lg-4 col-md-6\">\n\n                                    <div class=\"elementskit-post-image-card\">\n                        <div class=\"elementskit-entry-header\">\n                                                            <a href=\"http:\/\/www.inq.mx\/ttx\/fabtech-mexico-2025\/\" class=\"elementskit-entry-thumb\">\n                                    <img src=\"http:\/\/www.inq.mx\/ttx\/wp-content\/uploads\/2025\/02\/463126234_938175211662962_6074012621874888243_n.jpg\" alt=\"FABTECH M\u00e9xico 2025\">\n                                <\/a><!-- .elementskit-entry-thumb END -->\n                                                            \n                                                    <\/div><!-- .elementskit-entry-header END -->\n\n                        <div class=\"elementskit-post-body \">\n                            \n                                                                                                                <div class=\"post-meta-list\">\n                                                                                                <span class=\"meta-date\">\n\n                                <i aria-hidden=\"true\" class=\"far fa-calendar-alt\"><\/i>\n                                <span class=\"meta-date-text\">\n                                    febrero 24, 2025                                <\/span>\n                            <\/span>\n                                                                                                            <\/div>\n                                                                        \n                                        \n                                                                                                <h2 class=\"entry-title\">\n                    <a href=\"http:\/\/www.inq.mx\/ttx\/fabtech-mexico-2025\/\">\n                            FABTECH M\u00e9xico 2025                    <\/a>\n                <\/h2>\n                                                                                                                                                                                            <p>FABTECH M\u00e9xico 2025 6 \u2013 8 mayo 2025 Cintermex | Monterrey, Nuevo Le\u00f3n https:\/\/mexico.fabtechexpo.com\/es &nbsp; &nbsp; &nbsp; Te podr\u00eda interesar:\u00a0Sur Fin<\/p>\n                                                                                                                                                        <div class=\"btn-wraper\">\n                                    \n                                                                            <a href=\"http:\/\/www.inq.mx\/ttx\/fabtech-mexico-2025\/\" class=\"elementskit-btn \" >\n                                                                                    Leer m\u00e1s                                        <\/a>\n                                                                    <\/div>\n                                                    <\/div><!-- .elementskit-post-body END -->\n                    <\/div>\n                \n            <\/div>\n                    <div class=\"col-lg-4 col-md-6\">\n\n                                    <div class=\"elementskit-post-image-card\">\n                        <div class=\"elementskit-entry-header\">\n                                                            <a href=\"http:\/\/www.inq.mx\/ttx\/sur-fin\/\" class=\"elementskit-entry-thumb\">\n                                    <img src=\"http:\/\/www.inq.mx\/ttx\/wp-content\/uploads\/2025\/02\/evento3.jpg\" alt=\"Sur Fin\">\n                                <\/a><!-- .elementskit-entry-thumb END -->\n                                                            \n                                                    <\/div><!-- .elementskit-entry-header END -->\n\n                        <div class=\"elementskit-post-body \">\n                            \n                                                                                                                <div class=\"post-meta-list\">\n                                                                                                <span class=\"meta-date\">\n\n                                <i aria-hidden=\"true\" class=\"far fa-calendar-alt\"><\/i>\n                                <span class=\"meta-date-text\">\n                                    febrero 23, 2025                                <\/span>\n                            <\/span>\n                                                                                                            <\/div>\n                                                                        \n                                        \n                                                                                                <h2 class=\"entry-title\">\n                    <a href=\"http:\/\/www.inq.mx\/ttx\/sur-fin\/\">\n                            Sur Fin                    <\/a>\n                <\/h2>\n                                                                                                                                                                                            <p>NASF&#8217;s SUR\/FIN\u00ae June 3-5, 2025 Rosemont, IL | Donald E. Stephens Convention Center https:\/\/nasf.org\/join\/sur-fin-expo\/?gad_source=1&amp;gclid=CjwKCAiAzvC9BhADEiwAEhtlN0UHEsGqI3yuVC-GapZRiyS3eNXaODoBMrFDkrFv9P-2CJeAyn-VaRoCfvQQAvD_BwE &nbsp; &nbsp; &nbsp; &nbsp; Te podr\u00eda interesar:\u00a0TECMA 2025<\/p>\n                                                                                                                                                        <div class=\"btn-wraper\">\n                                    \n                                                                            <a href=\"http:\/\/www.inq.mx\/ttx\/sur-fin\/\" class=\"elementskit-btn \" >\n                                                                                    Leer m\u00e1s                                        <\/a>\n                                                                    <\/div>\n                                                    <\/div><!-- .elementskit-post-body END -->\n                    <\/div>\n                \n            <\/div>\n                    <div class=\"col-lg-4 col-md-6\">\n\n                                    <div class=\"elementskit-post-image-card\">\n                        <div class=\"elementskit-entry-header\">\n                                                            <a href=\"http:\/\/www.inq.mx\/ttx\/fabtech-canada\/\" class=\"elementskit-entry-thumb\">\n                                    <img src=\"http:\/\/www.inq.mx\/ttx\/wp-content\/uploads\/2025\/05\/Fabtech-canada.jpg\" alt=\"Fabtech Canad\u00e1\">\n                                <\/a><!-- .elementskit-entry-thumb END -->\n                                                            \n                                                    <\/div><!-- .elementskit-entry-header END -->\n\n                        <div class=\"elementskit-post-body \">\n                            \n                                                                                                                <div class=\"post-meta-list\">\n                                                                                                <span class=\"meta-date\">\n\n                                <i aria-hidden=\"true\" class=\"far fa-calendar-alt\"><\/i>\n                                <span class=\"meta-date-text\">\n                                    febrero 23, 2025                                <\/span>\n                            <\/span>\n                                                                                                            <\/div>\n                                                                        \n                                        \n                                                                                                <h2 class=\"entry-title\">\n                    <a href=\"http:\/\/www.inq.mx\/ttx\/fabtech-canada\/\">\n                            Fabtech Canad\u00e1                    <\/a>\n                <\/h2>\n                                                                                                                                                                                            <p>FABTECH Canad\u00e1 2025 Junio 16 al 18 Toronto, Ontario, Canad\u00e1 Home Te podr\u00eda interesar:\u00a0La Uni\u00f3n entre Producci\u00f3n y Mantenimiento: Clave para el \u00c9xito en la L\u00ednea de Producci\u00f3n<\/p>\n                                                                                                                                                        <div class=\"btn-wraper\">\n                                    \n                                                                            <a href=\"http:\/\/www.inq.mx\/ttx\/fabtech-canada\/\" class=\"elementskit-btn \" >\n                                                                                    Leer m\u00e1s                                        <\/a>\n                                                                    <\/div>\n                                                    <\/div><!-- .elementskit-post-body END -->\n                    <\/div>\n                \n            <\/div>\n                    <div class=\"col-lg-4 col-md-6\">\n\n                                    <div class=\"elementskit-post-image-card\">\n                        <div class=\"elementskit-entry-header\">\n                                                            <a href=\"http:\/\/www.inq.mx\/ttx\/tecma-2025\/\" class=\"elementskit-entry-thumb\">\n                                    <img src=\"http:\/\/www.inq.mx\/ttx\/wp-content\/uploads\/2025\/02\/467850376_959935862830201_4444816856608730085_n.jpg\" alt=\"TECMA 2025\">\n                                <\/a><!-- .elementskit-entry-thumb END -->\n                                                            \n                                                    <\/div><!-- .elementskit-entry-header END -->\n\n                        <div class=\"elementskit-post-body \">\n                            \n                                                                                                                <div class=\"post-meta-list\">\n                                                                                                <span class=\"meta-date\">\n\n                                <i aria-hidden=\"true\" class=\"far fa-calendar-alt\"><\/i>\n                                <span class=\"meta-date-text\">\n                                    febrero 23, 2025                                <\/span>\n                            <\/span>\n                                                                                                            <\/div>\n                                                                        \n                                        \n                                                                                                <h2 class=\"entry-title\">\n                    <a href=\"http:\/\/www.inq.mx\/ttx\/tecma-2025\/\">\n                            TECMA 2025                    <\/a>\n                <\/h2>\n                                                                                                                                                                                            <p>TECMA 2025 18 al 20 de JUNIO de 2025 Expo Santa Fe, CDMX Home Tecma Te podr\u00eda interesar:\u00a0La Uni\u00f3n entre Producci\u00f3n y Mantenimiento: Clave para el \u00c9xito en la L\u00ednea de Producci\u00f3n<\/p>\n                                                                                                                                                        <div class=\"btn-wraper\">\n                                    \n                                                                            <a href=\"http:\/\/www.inq.mx\/ttx\/tecma-2025\/\" class=\"elementskit-btn \" >\n                                                                                    Leer m\u00e1s                                        <\/a>\n                                                                    <\/div>\n                                                    <\/div><!-- .elementskit-post-body END -->\n                    <\/div>\n                \n            <\/div>\n                    <div class=\"col-lg-4 col-md-6\">\n\n                                    <div class=\"elementskit-post-image-card\">\n                        <div class=\"elementskit-entry-header\">\n                                                            <a href=\"http:\/\/www.inq.mx\/ttx\/fabtech-chicago\/\" class=\"elementskit-entry-thumb\">\n                                    <img src=\"http:\/\/www.inq.mx\/ttx\/wp-content\/uploads\/2025\/05\/Fabtech2025-logo.png\" alt=\"Fabtech Chicago\">\n                                <\/a><!-- .elementskit-entry-thumb END -->\n                                                            \n                                                    <\/div><!-- .elementskit-entry-header END -->\n\n                        <div class=\"elementskit-post-body \">\n                            \n                                                                                                                <div class=\"post-meta-list\">\n                                                                                                <span class=\"meta-date\">\n\n                                <i aria-hidden=\"true\" class=\"far fa-calendar-alt\"><\/i>\n                                <span class=\"meta-date-text\">\n                                    febrero 22, 2025                                <\/span>\n                            <\/span>\n                                                                                                            <\/div>\n                                                                        \n                                        \n                                                                                                <h2 class=\"entry-title\">\n                    <a href=\"http:\/\/www.inq.mx\/ttx\/fabtech-chicago\/\">\n                            Fabtech Chicago                    <\/a>\n                <\/h2>\n                                                                                                                                                                                            <p>FABTECH Chicago 2025 8 al 11 de septiembre Chicago, Illinois, Estados Unidos https:\/\/www.fabtechexpo.com\/ Te podr\u00eda interesar:\u00a0La Uni\u00f3n entre Producci\u00f3n y Mantenimiento: Clave para el \u00c9xito en la L\u00ednea de Producci\u00f3n<\/p>\n                                                                                                                                                        <div class=\"btn-wraper\">\n                                    \n                                                                            <a href=\"http:\/\/www.inq.mx\/ttx\/fabtech-chicago\/\" class=\"elementskit-btn \" >\n                                                                                    Leer m\u00e1s                                        <\/a>\n                                                                    <\/div>\n                                                    <\/div><!-- .elementskit-post-body END -->\n                    <\/div>\n                \n            <\/div>\n                    <div class=\"col-lg-4 col-md-6\">\n\n                                    <div class=\"elementskit-post-image-card\">\n                        <div class=\"elementskit-entry-header\">\n                                                            <a href=\"http:\/\/www.inq.mx\/ttx\/desalination-technology-2025\/\" class=\"elementskit-entry-thumb\">\n                                    <img src=\"http:\/\/www.inq.mx\/ttx\/wp-content\/uploads\/2025\/05\/Evento-Valencia.jpg\" alt=\"Desalination Technology 2025\">\n                                <\/a><!-- .elementskit-entry-thumb END -->\n                                                            \n                                                    <\/div><!-- .elementskit-entry-header END -->\n\n                        <div class=\"elementskit-post-body \">\n                            \n                                                                                                                <div class=\"post-meta-list\">\n                                                                                                <span class=\"meta-date\">\n\n                                <i aria-hidden=\"true\" class=\"far fa-calendar-alt\"><\/i>\n                                <span class=\"meta-date-text\">\n                                    febrero 21, 2025                                <\/span>\n                            <\/span>\n                                                                                                            <\/div>\n                                                                        \n                                        \n                                                                                                <h2 class=\"entry-title\">\n                    <a href=\"http:\/\/www.inq.mx\/ttx\/desalination-technology-2025\/\">\n                            Desalination Technology 2025                    <\/a>\n                <\/h2>\n                                                                                                                                                                                            <p>Desalination Technology 2025 4 al 6 de noviembre Valencia, Espa\u00f1a https:\/\/www.desal-tech.com\/ &nbsp; &nbsp; &nbsp; &nbsp; Te podr\u00eda interesar:\u00a0TECMA 2025<\/p>\n                                                                                                                                                        <div class=\"btn-wraper\">\n                                    \n                                                                            <a href=\"http:\/\/www.inq.mx\/ttx\/desalination-technology-2025\/\" class=\"elementskit-btn \" >\n                                                                                    Leer m\u00e1s                                        <\/a>\n                                                                    <\/div>\n                                                    <\/div><!-- .elementskit-post-body END -->\n                    <\/div>\n                \n            <\/div>\n                    <div class=\"col-lg-4 col-md-6\">\n\n                                    <div class=\"elementskit-post-image-card\">\n                        <div class=\"elementskit-entry-header\">\n                                                            <a href=\"http:\/\/www.inq.mx\/ttx\/surface-finishing-mexico-2025\/\" class=\"elementskit-entry-thumb\">\n                                    <img src=\"http:\/\/www.inq.mx\/ttx\/wp-content\/uploads\/2025\/07\/SFM2025.jpg\" alt=\"Surface Finishing Mexico 2025\">\n                                <\/a><!-- .elementskit-entry-thumb END -->\n                                                            \n                                                    <\/div><!-- .elementskit-entry-header END -->\n\n                        <div class=\"elementskit-post-body \">\n                            \n                                                                                                                <div class=\"post-meta-list\">\n                                                                                                <span class=\"meta-date\">\n\n                                <i aria-hidden=\"true\" class=\"far fa-calendar-alt\"><\/i>\n                                <span class=\"meta-date-text\">\n                                    febrero 15, 2025                                <\/span>\n                            <\/span>\n                                                                                                            <\/div>\n                                                                        \n                                        \n                                                                                                <h2 class=\"entry-title\">\n                    <a href=\"http:\/\/www.inq.mx\/ttx\/surface-finishing-mexico-2025\/\">\n                            Surface Finishing Mexico 2025                    <\/a>\n                <\/h2>\n                                                                                                                                                                                            <p>Surface Finishing Mexico 2025 5 y 6 de noviembre Monterrey, Nuevo Le\u00f3n https:\/\/surfacefinishingmx.com\/<\/p>\n                                                                                                                                                        <div class=\"btn-wraper\">\n                                    \n                                                                            <a href=\"http:\/\/www.inq.mx\/ttx\/surface-finishing-mexico-2025\/\" class=\"elementskit-btn \" >\n                                                                                    Leer m\u00e1s                                        <\/a>\n                                                                    <\/div>\n                                                    <\/div><!-- .elementskit-post-body END -->\n                    <\/div>\n                \n            <\/div>\n                    <div class=\"col-lg-4 col-md-6\">\n\n                                    <div class=\"elementskit-post-image-card\">\n                        <div class=\"elementskit-entry-header\">\n                                                            <a href=\"http:\/\/www.inq.mx\/ttx\/la-union-entre-produccion-y-mantenimiento-clave-para-el-exito-en-la-linea-de-produccion\/\" class=\"elementskit-entry-thumb\">\n                                    <img src=\"http:\/\/www.inq.mx\/ttx\/wp-content\/uploads\/2025\/01\/BANNER-NEARSHORE-2025-ENERO-01.png\" alt=\"La Uni\u00f3n entre Producci\u00f3n y Mantenimiento: Clave para el \u00c9xito en la L\u00ednea de Producci\u00f3n\">\n                                <\/a><!-- .elementskit-entry-thumb END -->\n                                                            \n                                                    <\/div><!-- .elementskit-entry-header END -->\n\n                        <div class=\"elementskit-post-body \">\n                            \n                                                                                                                <div class=\"post-meta-list\">\n                                                                                                <span class=\"meta-date\">\n\n                                <i aria-hidden=\"true\" class=\"far fa-calendar-alt\"><\/i>\n                                <span class=\"meta-date-text\">\n                                    enero 30, 2025                                <\/span>\n                            <\/span>\n                                                                                                            <\/div>\n                                                                        \n                                        \n                                                                                                <h2 class=\"entry-title\">\n                    <a href=\"http:\/\/www.inq.mx\/ttx\/la-union-entre-produccion-y-mantenimiento-clave-para-el-exito-en-la-linea-de-produccion\/\">\n                            La Uni\u00f3n entre Producci\u00f3n y Mantenimiento: Clave para el \u00c9xito en la L\u00ednea de Producci\u00f3n                    <\/a>\n                <\/h2>\n                                                                                                                                                                                            <p>En una l\u00ednea de producci\u00f3n, la uni\u00f3n entre las \u00e1reas de producci\u00f3n y mantenimiento es fundamental para asegurar la eficiencia, productividad y calidad del proceso. La colaboraci\u00f3n efectiva entre estos dos departamentos es crucial para lograr los objetivos de la empresa y mantener una ventaja competitiva en el mercado. Beneficios de la Uni\u00f3n La uni\u00f3n [&hellip;]<\/p>\n                                                                                                                                                        <div class=\"btn-wraper\">\n                                    \n                                                                            <a href=\"http:\/\/www.inq.mx\/ttx\/la-union-entre-produccion-y-mantenimiento-clave-para-el-exito-en-la-linea-de-produccion\/\" class=\"elementskit-btn \" >\n                                                                                    Leer m\u00e1s                                        <\/a>\n                                                                    <\/div>\n                                                    <\/div><!-- .elementskit-post-body END -->\n                    <\/div>\n                \n            <\/div>\n                    <div class=\"col-lg-4 col-md-6\">\n\n                                    <div class=\"elementskit-post-image-card\">\n                        <div class=\"elementskit-entry-header\">\n                                                            <a href=\"http:\/\/www.inq.mx\/ttx\/retos-y-dificultades-del-transporte-logistico-terrestre-entre-mexico-y-los-estados-unidos\/\" class=\"elementskit-entry-thumb\">\n                                    <img src=\"http:\/\/www.inq.mx\/ttx\/wp-content\/uploads\/2025\/01\/logi\u0301stica.jpg\" alt=\"Retos y dificultades del transporte log\u00edstico terrestre entre M\u00e9xico y los Estados Unidos\">\n                                <\/a><!-- .elementskit-entry-thumb END -->\n                                                            \n                                                    <\/div><!-- .elementskit-entry-header END -->\n\n                        <div class=\"elementskit-post-body \">\n                            \n                                                                                                                <div class=\"post-meta-list\">\n                                                                                                <span class=\"meta-date\">\n\n                                <i aria-hidden=\"true\" class=\"far fa-calendar-alt\"><\/i>\n                                <span class=\"meta-date-text\">\n                                    enero 8, 2025                                <\/span>\n                            <\/span>\n                                                                                                            <\/div>\n                                                                        \n                                        \n                                                                                                <h2 class=\"entry-title\">\n                    <a href=\"http:\/\/www.inq.mx\/ttx\/retos-y-dificultades-del-transporte-logistico-terrestre-entre-mexico-y-los-estados-unidos\/\">\n                            Retos y dificultades del transporte log\u00edstico terrestre entre M\u00e9xico y los Estados Unidos                    <\/a>\n                <\/h2>\n                                                                                                                                                                                            <p>M\u00e9xico tiene la relaci\u00f3n comercial m\u00e1s grande con Estados Unidos, comparten una larga frontera y una industria que est\u00e1 altamente conectada e interdependiente entre ambos pa\u00edses. Es por ello que el transporte terrestre entre naciones es clave para el \u00e9xito de sectores vitales como el automotriz, manufacturero y agroalimentario. Millones de empleos dependen de que [&hellip;]<\/p>\n                                                                                                                                                        <div class=\"btn-wraper\">\n                                    \n                                                                            <a href=\"http:\/\/www.inq.mx\/ttx\/retos-y-dificultades-del-transporte-logistico-terrestre-entre-mexico-y-los-estados-unidos\/\" class=\"elementskit-btn \" >\n                                                                                    Leer m\u00e1s                                        <\/a>\n                                                                    <\/div>\n                                                    <\/div><!-- .elementskit-post-body END -->\n                    <\/div>\n                \n            <\/div>\n                    <div class=\"col-lg-4 col-md-6\">\n\n                                    <div class=\"elementskit-post-image-card\">\n                        <div class=\"elementskit-entry-header\">\n                                                            <a href=\"http:\/\/www.inq.mx\/ttx\/el-precio-del-incumplimiento-a-la-responsabilidad-empresarial\/\" class=\"elementskit-entry-thumb\">\n                                    <img src=\"http:\/\/www.inq.mx\/ttx\/wp-content\/uploads\/2024\/09\/Banner-TTX-Gaby-3.png\" alt=\"EL PRECIO DEL INCUMPLIMIENTO A LA RESPONSABILIDAD EMPRESARIAL\">\n                                <\/a><!-- .elementskit-entry-thumb END -->\n                                                            \n                                                    <\/div><!-- .elementskit-entry-header END -->\n\n                        <div class=\"elementskit-post-body \">\n                            \n                                                                                                                <div class=\"post-meta-list\">\n                                                                                                <span class=\"meta-date\">\n\n                                <i aria-hidden=\"true\" class=\"far fa-calendar-alt\"><\/i>\n                                <span class=\"meta-date-text\">\n                                    septiembre 14, 2024                                <\/span>\n                            <\/span>\n                                                                                                            <\/div>\n                                                                        \n                                        \n                                                                                                <h2 class=\"entry-title\">\n                    <a href=\"http:\/\/www.inq.mx\/ttx\/el-precio-del-incumplimiento-a-la-responsabilidad-empresarial\/\">\n                            EL PRECIO DEL INCUMPLIMIENTO A LA RESPONSABILIDAD EMPRESARIAL                    <\/a>\n                <\/h2>\n                                                                                                                                                                                            <p>Por Lic. Gabriela Cant\u00fa En un mercado globalizado, las empresas que cumplen con las disposiciones de car\u00e1cter legal, laboral y fiscal suelen ser m\u00e1s competitivas. Aquellas entidades que se caracterizan por una frecuente e impecable ejecuci\u00f3n en sus obligaciones tienen una mayor capacidad y facilidad para integrarse en cadenas de suministro internacionales, dado que sus [&hellip;]<\/p>\n                                                                                                                                                        <div class=\"btn-wraper\">\n                                    \n                                                                            <a href=\"http:\/\/www.inq.mx\/ttx\/el-precio-del-incumplimiento-a-la-responsabilidad-empresarial\/\" class=\"elementskit-btn \" >\n                                                                                    Leer m\u00e1s                                        <\/a>\n                                                                    <\/div>\n                                                    <\/div><!-- .elementskit-post-body END -->\n                    <\/div>\n                \n            <\/div>\n                    <div class=\"col-lg-4 col-md-6\">\n\n                                    <div class=\"elementskit-post-image-card\">\n                        <div class=\"elementskit-entry-header\">\n                                                            <a href=\"http:\/\/www.inq.mx\/ttx\/apoyan-ttx-mexico-y-mtx-servicios-a-equipo-de-jovenes-parrilleras\/\" class=\"elementskit-entry-thumb\">\n                                    <img src=\"http:\/\/www.inq.mx\/ttx\/wp-content\/uploads\/2024\/04\/WhatsApp-Image-2024-04-23-at-11.46.23-AM.jpeg\" alt=\"Apoyan TTX M\u00e9xico y MTX Servicios\u00ae a equipo de j\u00f3venes parrilleras\">\n                                <\/a><!-- .elementskit-entry-thumb END -->\n                                                            \n                                                    <\/div><!-- .elementskit-entry-header END -->\n\n                        <div class=\"elementskit-post-body \">\n                            \n                                                                                                                <div class=\"post-meta-list\">\n                                                                                                <span class=\"meta-date\">\n\n                                <i aria-hidden=\"true\" class=\"far fa-calendar-alt\"><\/i>\n                                <span class=\"meta-date-text\">\n                                    abril 23, 2024                                <\/span>\n                            <\/span>\n                                                                                                            <\/div>\n                                                                        \n                                        \n                                                                                                <h2 class=\"entry-title\">\n                    <a href=\"http:\/\/www.inq.mx\/ttx\/apoyan-ttx-mexico-y-mtx-servicios-a-equipo-de-jovenes-parrilleras\/\">\n                            Apoyan TTX M\u00e9xico y MTX Servicios\u00ae a equipo de j\u00f3venes parrilleras                    <\/a>\n                <\/h2>\n                                                                                                                                                                                            <p>Las empresas TTX M\u00e9xico y MTX Servicios\u00ae apoyaron patrocinando a un grupo de j\u00f3venes que participaron en el evento de profesionales de la parrilla denominado \u201cGrileros Fest 2024\u201d, que se desarroll\u00f3 en las instalaciones del Zool\u00f3gico La Pastora, el pasado 20 de abril, en Guadalupe, Nuevo Le\u00f3n. &nbsp; Para TTX M\u00e9xico y su subsidiaria MTX [&hellip;]<\/p>\n                                                                                                                                                        <div class=\"btn-wraper\">\n                                    \n                                                                            <a href=\"http:\/\/www.inq.mx\/ttx\/apoyan-ttx-mexico-y-mtx-servicios-a-equipo-de-jovenes-parrilleras\/\" class=\"elementskit-btn \" >\n                                                                                    Leer m\u00e1s                                        <\/a>\n                                                                    <\/div>\n                                                    <\/div><!-- .elementskit-post-body END -->\n                    <\/div>\n                \n            <\/div>\n                    <div class=\"col-lg-4 col-md-6\">\n\n                                    <div class=\"elementskit-post-image-card\">\n                        <div class=\"elementskit-entry-header\">\n                                                            <a href=\"http:\/\/www.inq.mx\/ttx\/hornos-de-alto-desempeno\/\" class=\"elementskit-entry-thumb\">\n                                    <img src=\"http:\/\/www.inq.mx\/ttx\/wp-content\/uploads\/2024\/03\/WhatsApp-Image-2024-03-19-at-9.53.53-AM.jpeg\" alt=\"Hornos de alto desempe\u00f1o\">\n                                <\/a><!-- .elementskit-entry-thumb END -->\n                                                            \n                                                    <\/div><!-- .elementskit-entry-header END -->\n\n                        <div class=\"elementskit-post-body \">\n                            \n                                                                                                                <div class=\"post-meta-list\">\n                                                                                                <span class=\"meta-date\">\n\n                                <i aria-hidden=\"true\" class=\"far fa-calendar-alt\"><\/i>\n                                <span class=\"meta-date-text\">\n                                    marzo 19, 2024                                <\/span>\n                            <\/span>\n                                                                                                            <\/div>\n                                                                        \n                                        \n                                                                                                <h2 class=\"entry-title\">\n                    <a href=\"http:\/\/www.inq.mx\/ttx\/hornos-de-alto-desempeno\/\">\n                            Hornos de alto desempe\u00f1o                    <\/a>\n                <\/h2>\n                                                                                                                                                                                            <p>Una de las especialidades de Therma-Tron-X (TTX), desde el inicio de sus operaciones, es el dise\u00f1o, fabricaci\u00f3n, instalaci\u00f3n y servicio de hornos de alto desempe\u00f1o. &nbsp; El equipo de talentosos ingenieros y el compromiso de la empresa con la innovaci\u00f3n hacen posible que se desarrollen equipos y sistemas que cumplan con los requisitos a la [&hellip;]<\/p>\n                                                                                                                                                        <div class=\"btn-wraper\">\n                                    \n                                                                            <a href=\"http:\/\/www.inq.mx\/ttx\/hornos-de-alto-desempeno\/\" class=\"elementskit-btn \" >\n                                                                                    Leer m\u00e1s                                        <\/a>\n                                                                    <\/div>\n                                                    <\/div><!-- .elementskit-post-body END -->\n                    <\/div>\n                \n            <\/div>\n                    <div class=\"col-lg-4 col-md-6\">\n\n                                    <div class=\"elementskit-post-image-card\">\n                        <div class=\"elementskit-entry-header\">\n                                                            <a href=\"http:\/\/www.inq.mx\/ttx\/sistemas-de-pretratamiento\/\" class=\"elementskit-entry-thumb\">\n                                    <img src=\"http:\/\/www.inq.mx\/ttx\/wp-content\/uploads\/2024\/02\/5.jpg\" alt=\"Sistemas de pretratamiento\">\n                                <\/a><!-- .elementskit-entry-thumb END -->\n                                                            \n                                                    <\/div><!-- .elementskit-entry-header END -->\n\n                        <div class=\"elementskit-post-body \">\n                            \n                                                                                                                <div class=\"post-meta-list\">\n                                                                                                <span class=\"meta-date\">\n\n                                <i aria-hidden=\"true\" class=\"far fa-calendar-alt\"><\/i>\n                                <span class=\"meta-date-text\">\n                                    febrero 13, 2024                                <\/span>\n                            <\/span>\n                                                                                                            <\/div>\n                                                                        \n                                        \n                                                                                                <h2 class=\"entry-title\">\n                    <a href=\"http:\/\/www.inq.mx\/ttx\/sistemas-de-pretratamiento\/\">\n                            Sistemas de pretratamiento                    <\/a>\n                <\/h2>\n                                                                                                                                                                                            <p>Los equipos de pretratamiento de etapas m\u00faltiples se dise\u00f1an para preparar la superficie de un producto para que posteriormente sea pintado, platinado o reciba alg\u00fan otro proceso de acabado industrial. Los m\u00e9todos de pretratamiento pueden ser por pulverizaci\u00f3n, inmersi\u00f3n, o una combinaci\u00f3n de m\u00e9todos de pretratamiento, se elimina la suciedad, aceites y los contaminantes de [&hellip;]<\/p>\n                                                                                                                                                        <div class=\"btn-wraper\">\n                                    \n                                                                            <a href=\"http:\/\/www.inq.mx\/ttx\/sistemas-de-pretratamiento\/\" class=\"elementskit-btn \" >\n                                                                                    Leer m\u00e1s                                        <\/a>\n                                                                    <\/div>\n                                                    <\/div><!-- .elementskit-post-body END -->\n                    <\/div>\n                \n            <\/div>\n                    <div class=\"col-lg-4 col-md-6\">\n\n                                    <div class=\"elementskit-post-image-card\">\n                        <div class=\"elementskit-entry-header\">\n                                                            <a href=\"http:\/\/www.inq.mx\/ttx\/ttx-sst-la-innovacion-que-revoluciono-para-siempre-el-mundo-de-los-acabados-superficiales\/\" class=\"elementskit-entry-thumb\">\n                                    <img src=\"http:\/\/www.inq.mx\/ttx\/wp-content\/uploads\/2024\/01\/Ttx-Sst1-scaled.jpg\" alt=\"TTX SST\u00ae, la innovaci\u00f3n que revolucion\u00f3 para siempre el mundo de los acabados superficiales\">\n                                <\/a><!-- .elementskit-entry-thumb END -->\n                                                            \n                                                    <\/div><!-- .elementskit-entry-header END -->\n\n                        <div class=\"elementskit-post-body \">\n                            \n                                                                                                                <div class=\"post-meta-list\">\n                                                                                                <span class=\"meta-date\">\n\n                                <i aria-hidden=\"true\" class=\"far fa-calendar-alt\"><\/i>\n                                <span class=\"meta-date-text\">\n                                    enero 24, 2024                                <\/span>\n                            <\/span>\n                                                                                                            <\/div>\n                                                                        \n                                        \n                                                                                                <h2 class=\"entry-title\">\n                    <a href=\"http:\/\/www.inq.mx\/ttx\/ttx-sst-la-innovacion-que-revoluciono-para-siempre-el-mundo-de-los-acabados-superficiales\/\">\n                            TTX SST\u00ae, la innovaci\u00f3n que revolucion\u00f3 para siempre el mundo de los acabados superficiales                    <\/a>\n                <\/h2>\n                                                                                                                                                                                            <p>En 1987, Therma-Tron-X construy\u00f3 su primer equipo SLIDERAIL SQUARE TRANSFER\u00ae (SST\u00ae) el revolucionario sistema automatizado de acabados superficiales. Este sistema permite desarrollar operaciones de alto volumen, usando una fracci\u00f3n del espacio requerido por los sistemas tradicionales de monorriel. Las piezas se cargan a lo largo de un par de rieles deslizantes de bajo mantenimiento, que [&hellip;]<\/p>\n                                                                                                                                                        <div class=\"btn-wraper\">\n                                    \n                                                                            <a href=\"http:\/\/www.inq.mx\/ttx\/ttx-sst-la-innovacion-que-revoluciono-para-siempre-el-mundo-de-los-acabados-superficiales\/\" class=\"elementskit-btn \" >\n                                                                                    Leer m\u00e1s                                        <\/a>\n                                                                    <\/div>\n                                                    <\/div><!-- .elementskit-post-body END -->\n                    <\/div>\n                \n            <\/div>\n                    <div class=\"col-lg-4 col-md-6\">\n\n                                    <div class=\"elementskit-post-image-card\">\n                        <div class=\"elementskit-entry-header\">\n                                                            <a href=\"http:\/\/www.inq.mx\/ttx\/entramos-a-2024-en-el-carril-de-alta-velocidad-de-la-economia-global\/\" class=\"elementskit-entry-thumb\">\n                                    <img src=\"http:\/\/www.inq.mx\/ttx\/wp-content\/uploads\/2023\/12\/WhatsApp-Image-2023-12-29-at-6.50.27-PM.jpeg\" alt=\"Entramos a 2024 en el carril de alta velocidad de la econom\u00eda global\">\n                                <\/a><!-- .elementskit-entry-thumb END -->\n                                                            \n                                                    <\/div><!-- .elementskit-entry-header END -->\n\n                        <div class=\"elementskit-post-body \">\n                            \n                                                                                                                <div class=\"post-meta-list\">\n                                                                                                <span class=\"meta-date\">\n\n                                <i aria-hidden=\"true\" class=\"far fa-calendar-alt\"><\/i>\n                                <span class=\"meta-date-text\">\n                                    diciembre 30, 2023                                <\/span>\n                            <\/span>\n                                                                                                            <\/div>\n                                                                        \n                                        \n                                                                                                <h2 class=\"entry-title\">\n                    <a href=\"http:\/\/www.inq.mx\/ttx\/entramos-a-2024-en-el-carril-de-alta-velocidad-de-la-economia-global\/\">\n                            Entramos a 2024 en el carril de alta velocidad de la econom\u00eda global                    <\/a>\n                <\/h2>\n                                                                                                                                                                                            <p>Por Pedro Castillo &nbsp; Vamos circulando con acelerador a fondo en la autopista de la econom\u00eda terminando un a\u00f1o 2023 que mantuvo un comportamiento de estabilidad y predictibilidad econ\u00f3mica en los primeros tres trimestres, quedando el cuarto un poco por debajo de la expectativa deseada pero que, a\u00fan y as\u00ed, termina siendo muy bueno, lo [&hellip;]<\/p>\n                                                                                                                                                        <div class=\"btn-wraper\">\n                                    \n                                                                            <a href=\"http:\/\/www.inq.mx\/ttx\/entramos-a-2024-en-el-carril-de-alta-velocidad-de-la-economia-global\/\" class=\"elementskit-btn \" >\n                                                                                    Leer m\u00e1s                                        <\/a>\n                                                                    <\/div>\n                                                    <\/div><!-- .elementskit-post-body END -->\n                    <\/div>\n                \n            <\/div>\n                    <div class=\"col-lg-4 col-md-6\">\n\n                                    <div class=\"elementskit-post-image-card\">\n                        <div class=\"elementskit-entry-header\">\n                                                            <a href=\"http:\/\/www.inq.mx\/ttx\/se-integra-ttx-mexico-a-la-red-de-empresas-defensoras-de-derechos-humanos\/\" class=\"elementskit-entry-thumb\">\n                                    <img src=\"http:\/\/www.inq.mx\/ttx\/wp-content\/uploads\/2023\/11\/WhatsApp-Image-2023-11-28-at-12.03.41-PM.jpeg\" alt=\"Se integra TTX M\u00e9xico a la Red de Empresas Defensoras de Derechos Humanos\">\n                                <\/a><!-- .elementskit-entry-thumb END -->\n                                                            \n                                                    <\/div><!-- .elementskit-entry-header END -->\n\n                        <div class=\"elementskit-post-body \">\n                            \n                                                                                                                <div class=\"post-meta-list\">\n                                                                                                <span class=\"meta-date\">\n\n                                <i aria-hidden=\"true\" class=\"far fa-calendar-alt\"><\/i>\n                                <span class=\"meta-date-text\">\n                                    noviembre 28, 2023                                <\/span>\n                            <\/span>\n                                                                                                            <\/div>\n                                                                        \n                                        \n                                                                                                <h2 class=\"entry-title\">\n                    <a href=\"http:\/\/www.inq.mx\/ttx\/se-integra-ttx-mexico-a-la-red-de-empresas-defensoras-de-derechos-humanos\/\">\n                            Se integra TTX M\u00e9xico a la Red de Empresas Defensoras de Derechos Humanos                    <\/a>\n                <\/h2>\n                                                                                                                                                                                            <p>San Pedro Garza Garc\u00eda (22 de noviembre de 2023). La empresa l\u00edder en sistemas de acabados superficiales a nivel global TTX M\u00e9xico se integr\u00f3 a la Red de Empresas Defensoras de Derechos Humanos, iniciativa que impulsa la capacitaci\u00f3n, vigilancia e intercambio de las buenas pr\u00e1cticas en este importante tema. La empresa con base en San [&hellip;]<\/p>\n                                                                                                                                                        <div class=\"btn-wraper\">\n                                    \n                                                                            <a href=\"http:\/\/www.inq.mx\/ttx\/se-integra-ttx-mexico-a-la-red-de-empresas-defensoras-de-derechos-humanos\/\" class=\"elementskit-btn \" >\n                                                                                    Leer m\u00e1s                                        <\/a>\n                                                                    <\/div>\n                                                    <\/div><!-- .elementskit-post-body END -->\n                    <\/div>\n                \n            <\/div>\n                    <div class=\"col-lg-4 col-md-6\">\n\n                                    <div class=\"elementskit-post-image-card\">\n                        <div class=\"elementskit-entry-header\">\n                                                            <a href=\"http:\/\/www.inq.mx\/ttx\/el-mejor-de-los-exitos-la-familia-ttx-mexico\/\" class=\"elementskit-entry-thumb\">\n                                    <img src=\"http:\/\/www.inq.mx\/ttx\/wp-content\/uploads\/2022\/12\/PCS.jpeg\" alt=\"El mejor de los \u00e9xitos: la familia TTX M\u00e9xico\">\n                                <\/a><!-- .elementskit-entry-thumb END -->\n                                                            \n                                                    <\/div><!-- .elementskit-entry-header END -->\n\n                        <div class=\"elementskit-post-body \">\n                            \n                                                                                                                <div class=\"post-meta-list\">\n                                                                                                <span class=\"meta-date\">\n\n                                <i aria-hidden=\"true\" class=\"far fa-calendar-alt\"><\/i>\n                                <span class=\"meta-date-text\">\n                                    diciembre 28, 2022                                <\/span>\n                            <\/span>\n                                                                                                            <\/div>\n                                                                        \n                                        \n                                                                                                <h2 class=\"entry-title\">\n                    <a href=\"http:\/\/www.inq.mx\/ttx\/el-mejor-de-los-exitos-la-familia-ttx-mexico\/\">\n                            El mejor de los \u00e9xitos: la familia TTX M\u00e9xico                    <\/a>\n                <\/h2>\n                                                                                                                                                                                            <p>Por Pedro Castillo Este 2022 fue un a\u00f1o de consagraci\u00f3n para la operaci\u00f3n de las subsidiarias de TTX en M\u00e9xico, un escenario que tom\u00f3 un ascenso vertical durante el 2do sexenio del a\u00f1o cosecha de lo sembrado durante la primera parte de este, y de esfuerzos de los primeros a\u00f1os de operaci\u00f3n en el pa\u00eds. [&hellip;]<\/p>\n                                                                                                                                                        <div class=\"btn-wraper\">\n                                    \n                                                                            <a href=\"http:\/\/www.inq.mx\/ttx\/el-mejor-de-los-exitos-la-familia-ttx-mexico\/\" class=\"elementskit-btn \" >\n                                                                                    Leer m\u00e1s                                        <\/a>\n                                                                    <\/div>\n                                                    <\/div><!-- .elementskit-post-body END -->\n                    <\/div>\n                \n            <\/div>\n                    <div class=\"col-lg-4 col-md-6\">\n\n                                    <div class=\"elementskit-post-image-card\">\n                        <div class=\"elementskit-entry-header\">\n                                                            <a href=\"http:\/\/www.inq.mx\/ttx\/amas-8-anos-en-movimiento-para-el-beneficio-de-todos\/\" class=\"elementskit-entry-thumb\">\n                                    <img src=\"http:\/\/www.inq.mx\/ttx\/wp-content\/uploads\/2022\/10\/BANNER-8-ANIVERSARIO-AMAS-03.png\" alt=\"AMAS, 8 an\u0303os en movimiento para el beneficio de todos\">\n                                <\/a><!-- .elementskit-entry-thumb END -->\n                                                            \n                                                    <\/div><!-- .elementskit-entry-header END -->\n\n                        <div class=\"elementskit-post-body \">\n                            \n                                                                                                                <div class=\"post-meta-list\">\n                                                                                                <span class=\"meta-date\">\n\n                                <i aria-hidden=\"true\" class=\"far fa-calendar-alt\"><\/i>\n                                <span class=\"meta-date-text\">\n                                    octubre 7, 2022                                <\/span>\n                            <\/span>\n                                                                                                            <\/div>\n                                                                        \n                                        \n                                                                                                <h2 class=\"entry-title\">\n                    <a href=\"http:\/\/www.inq.mx\/ttx\/amas-8-anos-en-movimiento-para-el-beneficio-de-todos\/\">\n                            AMAS, 8 an\u0303os en movimiento para el beneficio de todos                    <\/a>\n                <\/h2>\n                                                                                                                                                                                            <p>La mayori\u0301a de las industrias que conforman la economi\u0301a mexicana sostienen una caracteri\u0301stica que las hace diferentes a sus homo\u0301logas en economi\u0301as de otros pai\u0301ses, viven intri\u0301nsecamente la frase \u201cla u\u0301nica constante es el cambio\u201d. Los datos de ayer no construyen el man\u0303ana, solamente lo decoran de experiencia. &nbsp; En Me\u0301xico, las industrias se edifican [&hellip;]<\/p>\n                                                                                                                                                        <div class=\"btn-wraper\">\n                                    \n                                                                            <a href=\"http:\/\/www.inq.mx\/ttx\/amas-8-anos-en-movimiento-para-el-beneficio-de-todos\/\" class=\"elementskit-btn \" >\n                                                                                    Leer m\u00e1s                                        <\/a>\n                                                                    <\/div>\n                                                    <\/div><!-- .elementskit-post-body END -->\n                    <\/div>\n                \n            <\/div>\n                    <div class=\"col-lg-4 col-md-6\">\n\n                                    <div class=\"elementskit-post-image-card\">\n                        <div class=\"elementskit-entry-header\">\n                                                            <a href=\"http:\/\/www.inq.mx\/ttx\/eventos-2022\/\" class=\"elementskit-entry-thumb\">\n                                    <img src=\"http:\/\/www.inq.mx\/ttx\/wp-content\/uploads\/2022\/01\/TTx.jpg\" alt=\"Estos son los eventos confirmados en los que participar\u00e1 TTX M\u00e9xico este a\u00f1o en Norte Am\u00e9rica\">\n                                <\/a><!-- .elementskit-entry-thumb END -->\n                                                            \n                                                    <\/div><!-- .elementskit-entry-header END -->\n\n                        <div class=\"elementskit-post-body \">\n                            \n                                                                                                                <div class=\"post-meta-list\">\n                                                                                                <span class=\"meta-date\">\n\n                                <i aria-hidden=\"true\" class=\"far fa-calendar-alt\"><\/i>\n                                <span class=\"meta-date-text\">\n                                    enero 28, 2022                                <\/span>\n                            <\/span>\n                                                                                                            <\/div>\n                                                                        \n                                        \n                                                                                                <h2 class=\"entry-title\">\n                    <a href=\"http:\/\/www.inq.mx\/ttx\/eventos-2022\/\">\n                            Estos son los eventos confirmados en los que participar\u00e1 TTX M\u00e9xico este a\u00f1o en Norte Am\u00e9rica                    <\/a>\n                <\/h2>\n                                                                                                                                                                                            <p>La participaci\u00f3n en los principales shows alrededor de Norte Am\u00e9rica es una tradici\u00f3n para TTX desde su fundaci\u00f3n. En estos eventos los visitantes pueden conocer de primera mano las innovaciones disruptivas del momento, que nos mantienen siempre un paso adelante en la industria. Las m\u00e1s de 30 patentes son un reflejo del aut\u00e9ntico liderazgo patentado [&hellip;]<\/p>\n                                                                                                                                                        <div class=\"btn-wraper\">\n                                    \n                                                                            <a href=\"http:\/\/www.inq.mx\/ttx\/eventos-2022\/\" class=\"elementskit-btn \" >\n                                                                                    Leer m\u00e1s                                        <\/a>\n                                                                    <\/div>\n                                                    <\/div><!-- .elementskit-post-body END -->\n                    <\/div>\n                \n            <\/div>\n                    <div class=\"col-lg-4 col-md-6\">\n\n                                    <div class=\"elementskit-post-image-card\">\n                        <div class=\"elementskit-entry-header\">\n                                                            <a href=\"http:\/\/www.inq.mx\/ttx\/la-importancia-de-una-poliza-de-mantenimiento-para-mantener-en-optimas-condiciones-la-operacion-de-los-sistemas-de-acabados-superficiales\/\" class=\"elementskit-entry-thumb\">\n                                    <img src=\"http:\/\/www.inq.mx\/ttx\/wp-content\/uploads\/2021\/08\/20200924_122220-1-scaled.jpg\" alt=\"La importancia de una p\u00f3liza de mantenimiento para mantener en \u00f3ptimas condiciones la operaci\u00f3n de los sistemas de acabados superficiales\">\n                                <\/a><!-- .elementskit-entry-thumb END -->\n                                                            \n                                                    <\/div><!-- .elementskit-entry-header END -->\n\n                        <div class=\"elementskit-post-body \">\n                            \n                                                                                                                <div class=\"post-meta-list\">\n                                                                                                <span class=\"meta-date\">\n\n                                <i aria-hidden=\"true\" class=\"far fa-calendar-alt\"><\/i>\n                                <span class=\"meta-date-text\">\n                                    septiembre 1, 2021                                <\/span>\n                            <\/span>\n                                                                                                            <\/div>\n                                                                        \n                                        \n                                                                                                <h2 class=\"entry-title\">\n                    <a href=\"http:\/\/www.inq.mx\/ttx\/la-importancia-de-una-poliza-de-mantenimiento-para-mantener-en-optimas-condiciones-la-operacion-de-los-sistemas-de-acabados-superficiales\/\">\n                            La importancia de una p\u00f3liza de mantenimiento para mantener en \u00f3ptimas condiciones la operaci\u00f3n de los sistemas de acabados superficiales                    <\/a>\n                <\/h2>\n                                                                                                                                                                                            <p>Las p\u00f3lizas de mantenimiento preventivo consisten en un acompa\u00f1amiento por parte de ingenieros de servicio, donde, adem\u00e1s de realizarse una inspecci\u00f3n programada, se hacen observaciones del equipo y, en caso de ser necesario, se capacita al personal para que conozcan mejor su sistema de acabados superficiales, se detectan fallas, y se realizan las recomendaciones para [&hellip;]<\/p>\n                                                                                                                                                        <div class=\"btn-wraper\">\n                                    \n                                                                            <a href=\"http:\/\/www.inq.mx\/ttx\/la-importancia-de-una-poliza-de-mantenimiento-para-mantener-en-optimas-condiciones-la-operacion-de-los-sistemas-de-acabados-superficiales\/\" class=\"elementskit-btn \" >\n                                                                                    Leer m\u00e1s                                        <\/a>\n                                                                    <\/div>\n                                                    <\/div><!-- .elementskit-post-body END -->\n                    <\/div>\n                \n            <\/div>\n                    <div class=\"col-lg-4 col-md-6\">\n\n                                    <div class=\"elementskit-post-image-card\">\n                        <div class=\"elementskit-entry-header\">\n                                                            <a href=\"http:\/\/www.inq.mx\/ttx\/ttx-sst-el-sistema-e-coat-que-revoluciono-para-siempre-la-industria-de-acabados-superficiales-en-el-mundo\/\" class=\"elementskit-entry-thumb\">\n                                    <img src=\"http:\/\/www.inq.mx\/ttx\/wp-content\/uploads\/2021\/08\/WhatsApp-Image-2021-08-05-at-11.00.15-AM.jpeg\" alt=\"TTX-SST\u00ae, el sistema E-Coat que revolucion\u00f3 para siempre la industria de Acabados Superficiales en el mundo\">\n                                <\/a><!-- .elementskit-entry-thumb END -->\n                                                            \n                                                    <\/div><!-- .elementskit-entry-header END -->\n\n                        <div class=\"elementskit-post-body \">\n                            \n                                                                                                                <div class=\"post-meta-list\">\n                                                                                                <span class=\"meta-date\">\n\n                                <i aria-hidden=\"true\" class=\"far fa-calendar-alt\"><\/i>\n                                <span class=\"meta-date-text\">\n                                    agosto 9, 2021                                <\/span>\n                            <\/span>\n                                                                                                            <\/div>\n                                                                        \n                                        \n                                                                                                <h2 class=\"entry-title\">\n                    <a href=\"http:\/\/www.inq.mx\/ttx\/ttx-sst-el-sistema-e-coat-que-revoluciono-para-siempre-la-industria-de-acabados-superficiales-en-el-mundo\/\">\n                            TTX-SST\u00ae, el sistema E-Coat que revolucion\u00f3 para siempre la industria de Acabados Superficiales en el mundo                    <\/a>\n                <\/h2>\n                                                                                                                                                                                            <p>&nbsp; Therma-Tron-X, Inc. (TTX), durante sus m\u00e1s de 50 a\u00f1os de actividad industrial, se ha caracterizado por su cultura y facilidad para desarrollar innovaciones, mismas que contin\u00faan revolucionando la industria de acabados superficiales, sin importar desde cu\u00e1ndo fueron lanzadas. Un magn\u00edfico ejemplo vigente tuvo sus inicios en 1987, a\u00f1o en el que fue dise\u00f1ado, fabricado [&hellip;]<\/p>\n                                                                                                                                                        <div class=\"btn-wraper\">\n                                    \n                                                                            <a href=\"http:\/\/www.inq.mx\/ttx\/ttx-sst-el-sistema-e-coat-que-revoluciono-para-siempre-la-industria-de-acabados-superficiales-en-el-mundo\/\" class=\"elementskit-btn \" >\n                                                                                    Leer m\u00e1s                                        <\/a>\n                                                                    <\/div>\n                                                    <\/div><!-- .elementskit-post-body END -->\n                    <\/div>\n                \n            <\/div>\n                    <div class=\"col-lg-4 col-md-6\">\n\n                                    <div class=\"elementskit-post-image-card\">\n                        <div class=\"elementskit-entry-header\">\n                                                            <a href=\"http:\/\/www.inq.mx\/ttx\/innovacion-estilo-de-vida-dentro-de-una-cultura-de-trabajo\/\" class=\"elementskit-entry-thumb\">\n                                    <img src=\"http:\/\/www.inq.mx\/ttx\/wp-content\/uploads\/2021\/07\/multi-design-of-light-bulb-for-creative-innovation-2021-04-02-19-52-47-utc-1-scaled-e1626453198756.jpg\" alt=\"Innovaci\u00f3n: estilo de vida dentro de una cultura de trabajo\">\n                                <\/a><!-- .elementskit-entry-thumb END -->\n                                                            \n                                                    <\/div><!-- .elementskit-entry-header END -->\n\n                        <div class=\"elementskit-post-body \">\n                            \n                                                                                                                <div class=\"post-meta-list\">\n                                                                                                <span class=\"meta-date\">\n\n                                <i aria-hidden=\"true\" class=\"far fa-calendar-alt\"><\/i>\n                                <span class=\"meta-date-text\">\n                                    julio 16, 2021                                <\/span>\n                            <\/span>\n                                                                                                            <\/div>\n                                                                        \n                                        \n                                                                                                <h2 class=\"entry-title\">\n                    <a href=\"http:\/\/www.inq.mx\/ttx\/innovacion-estilo-de-vida-dentro-de-una-cultura-de-trabajo\/\">\n                            Innovaci\u00f3n: estilo de vida dentro de una cultura de trabajo                    <\/a>\n                <\/h2>\n                                                                                                                                                                                            <p>Por Ing. Pedro Castillo, Managing Director para M\u00e9xico &amp; LATAM en TTX, con m\u00e1s de 25 a\u00f1os de experiencia en diversas industrias. \u00bfPrefieres crear muy buenos recuerdos de vida o vivir dentro de sue\u00f1os perfectos? La innovaci\u00f3n es el motor de cambio que ha acelerado la revoluci\u00f3n industrial en el mundo, conforme un sector de [&hellip;]<\/p>\n                                                                                                                                                        <div class=\"btn-wraper\">\n                                    \n                                                                            <a href=\"http:\/\/www.inq.mx\/ttx\/innovacion-estilo-de-vida-dentro-de-una-cultura-de-trabajo\/\" class=\"elementskit-btn \" >\n                                                                                    Leer m\u00e1s                                        <\/a>\n                                                                    <\/div>\n                                                    <\/div><!-- .elementskit-post-body END -->\n                    <\/div>\n                \n            <\/div>\n                    <div class=\"col-lg-4 col-md-6\">\n\n                                    <div class=\"elementskit-post-image-card\">\n                        <div class=\"elementskit-entry-header\">\n                                                            <a href=\"http:\/\/www.inq.mx\/ttx\/panorama-de-la-industria-en-general-en-mexico\/\" class=\"elementskit-entry-thumb\">\n                                    <img src=\"http:\/\/www.inq.mx\/ttx\/wp-content\/uploads\/2021\/04\/cropped-image-of-manufacture-worker-welding-metal-R5KTG3C-2.jpg\" alt=\"Panorama general de la industria en M\u00e9xico\">\n                                <\/a><!-- .elementskit-entry-thumb END -->\n                                                            \n                                                    <\/div><!-- .elementskit-entry-header END -->\n\n                        <div class=\"elementskit-post-body \">\n                            \n                                                                                                                <div class=\"post-meta-list\">\n                                                                                                <span class=\"meta-date\">\n\n                                <i aria-hidden=\"true\" class=\"far fa-calendar-alt\"><\/i>\n                                <span class=\"meta-date-text\">\n                                    abril 16, 2021                                <\/span>\n                            <\/span>\n                                                                                                            <\/div>\n                                                                        \n                                        \n                                                                                                <h2 class=\"entry-title\">\n                    <a href=\"http:\/\/www.inq.mx\/ttx\/panorama-de-la-industria-en-general-en-mexico\/\">\n                            Panorama general de la industria en M\u00e9xico                    <\/a>\n                <\/h2>\n                                                                                                                                                                                            <p>Por Ing. Pedro Castillo, Managing Director para M\u00e9xico &amp; LATAM en TTX, con m\u00e1s de 25 a\u00f1os de experiencia en diversas industrias. La din\u00e1mica de los mercados se ha venido acelerando en los \u00faltimos a\u00f1os, la globalizaci\u00f3n y la presencia de los diversos tratados de comercio entre las naciones han impulsado a las industrias a [&hellip;]<\/p>\n                                                                                                                                                        <div class=\"btn-wraper\">\n                                    \n                                                                            <a href=\"http:\/\/www.inq.mx\/ttx\/panorama-de-la-industria-en-general-en-mexico\/\" class=\"elementskit-btn \" >\n                                                                                    Leer m\u00e1s                                        <\/a>\n                                                                    <\/div>\n                                                    <\/div><!-- .elementskit-post-body END -->\n                    <\/div>\n                \n            <\/div>\n                    <div class=\"col-lg-4 col-md-6\">\n\n                                    <div class=\"elementskit-post-image-card\">\n                        <div class=\"elementskit-entry-header\">\n                                                            <a href=\"http:\/\/www.inq.mx\/ttx\/hablando-de-empresas-y-marcas-industriales-que-hay-detras-de-la-palabra-premium\/\" class=\"elementskit-entry-thumb\">\n                                    <img src=\"http:\/\/www.inq.mx\/ttx\/wp-content\/uploads\/2021\/02\/destacados3.jpg\" alt=\"Hablando de Empresas y Marcas Industriales  \u00bfQu\u00e9 hay detr\u00e1s de la palabra \u201cPREMIUM\u201d?\">\n                                <\/a><!-- .elementskit-entry-thumb END -->\n                                                            \n                                                    <\/div><!-- .elementskit-entry-header END -->\n\n                        <div class=\"elementskit-post-body \">\n                            \n                                                                                                                <div class=\"post-meta-list\">\n                                                                                                <span class=\"meta-date\">\n\n                                <i aria-hidden=\"true\" class=\"far fa-calendar-alt\"><\/i>\n                                <span class=\"meta-date-text\">\n                                    abril 5, 2021                                <\/span>\n                            <\/span>\n                                                                                                            <\/div>\n                                                                        \n                                        \n                                                                                                <h2 class=\"entry-title\">\n                    <a href=\"http:\/\/www.inq.mx\/ttx\/hablando-de-empresas-y-marcas-industriales-que-hay-detras-de-la-palabra-premium\/\">\n                            Hablando de Empresas y Marcas Industriales  \u00bfQu\u00e9 hay detr\u00e1s de la palabra \u201cPREMIUM\u201d?                    <\/a>\n                <\/h2>\n                                                                                                                                                                                            <p>Por Gerardo S\u00e1nchez, Director de Operaciones con m\u00e1s de 25 a\u00f1os de experiencia de campo en la industria. En el desarrollo de soluciones integrales complejas, donde se requiere involucrar la innovaci\u00f3n en ingenier\u00eda para armonizar un conjunto de equipos para crear un sistema, los caminos para un entregable \u00f3ptimo son m\u00faltiples, teniendo como colateral una [&hellip;]<\/p>\n                                                                                                                                                        <div class=\"btn-wraper\">\n                                    \n                                                                            <a href=\"http:\/\/www.inq.mx\/ttx\/hablando-de-empresas-y-marcas-industriales-que-hay-detras-de-la-palabra-premium\/\" class=\"elementskit-btn \" >\n                                                                                    Leer m\u00e1s                                        <\/a>\n                                                                    <\/div>\n                                                    <\/div><!-- .elementskit-post-body END -->\n                    <\/div>\n                \n            <\/div>\n                    <div class=\"col-lg-4 col-md-6\">\n\n                                    <div class=\"elementskit-post-image-card\">\n                        <div class=\"elementskit-entry-header\">\n                                                            <a href=\"http:\/\/www.inq.mx\/ttx\/mantenimiento-optimo-de-sistemas-e-coat-y-plantas-tratadoras-de-agua\/\" class=\"elementskit-entry-thumb\">\n                                    <img src=\"http:\/\/www.inq.mx\/ttx\/wp-content\/uploads\/2021\/03\/Ttx-Sst1-scaled.jpg\" alt=\"Mantenimiento \u00d3ptimo de Sistemas E-Coat y Plantas Tratadoras de Agua\">\n                                <\/a><!-- .elementskit-entry-thumb END -->\n                                                            \n                                                    <\/div><!-- .elementskit-entry-header END -->\n\n                        <div class=\"elementskit-post-body \">\n                            \n                                                                                                                <div class=\"post-meta-list\">\n                                                                                                <span class=\"meta-date\">\n\n                                <i aria-hidden=\"true\" class=\"far fa-calendar-alt\"><\/i>\n                                <span class=\"meta-date-text\">\n                                    marzo 24, 2021                                <\/span>\n                            <\/span>\n                                                                                                            <\/div>\n                                                                        \n                                        \n                                                                                                <h2 class=\"entry-title\">\n                    <a href=\"http:\/\/www.inq.mx\/ttx\/mantenimiento-optimo-de-sistemas-e-coat-y-plantas-tratadoras-de-agua\/\">\n                            Mantenimiento \u00d3ptimo de Sistemas E-Coat y Plantas Tratadoras de Agua                    <\/a>\n                <\/h2>\n                                                                                                                                                                                            <p>Por Ing. Iv\u00e1n F\u00e9lix, Ingeniero de Servicio y cuenta con m\u00e1s de 10 a\u00f1os de experiencia de campo en la industria de acabados superficiales, El Mantenimiento es una actividad fundamental que todo equipo industrial debe procurar pues, adem\u00e1s de garantizar el continuo funcionamiento de estos, es la clave de la anhelada productividad que todo proceso [&hellip;]<\/p>\n                                                                                                                                                        <div class=\"btn-wraper\">\n                                    \n                                                                            <a href=\"http:\/\/www.inq.mx\/ttx\/mantenimiento-optimo-de-sistemas-e-coat-y-plantas-tratadoras-de-agua\/\" class=\"elementskit-btn \" >\n                                                                                    Leer m\u00e1s                                        <\/a>\n                                                                    <\/div>\n                                                    <\/div><!-- .elementskit-post-body END -->\n                    <\/div>\n                \n            <\/div>\n                    <div class=\"col-lg-4 col-md-6\">\n\n                                    <div class=\"elementskit-post-image-card\">\n                        <div class=\"elementskit-entry-header\">\n                                                            <a href=\"http:\/\/www.inq.mx\/ttx\/consejos-para-mantener-un-proceso-de-e-coat-en-condiciones-optimas-de-operacion\/\" class=\"elementskit-entry-thumb\">\n                                    <img src=\"http:\/\/www.inq.mx\/ttx\/wp-content\/uploads\/2021\/02\/header2.jpg\" alt=\"Consejos Para Mantener Un Proceso de E-Coat en Condiciones \u00d3ptimas de Operaci\u00f3n\">\n                                <\/a><!-- .elementskit-entry-thumb END -->\n                                                            \n                                                    <\/div><!-- .elementskit-entry-header END -->\n\n                        <div class=\"elementskit-post-body \">\n                            \n                                                                                                                <div class=\"post-meta-list\">\n                                                                                                <span class=\"meta-date\">\n\n                                <i aria-hidden=\"true\" class=\"far fa-calendar-alt\"><\/i>\n                                <span class=\"meta-date-text\">\n                                    marzo 24, 2021                                <\/span>\n                            <\/span>\n                                                                                                            <\/div>\n                                                                        \n                                        \n                                                                                                <h2 class=\"entry-title\">\n                    <a href=\"http:\/\/www.inq.mx\/ttx\/consejos-para-mantener-un-proceso-de-e-coat-en-condiciones-optimas-de-operacion\/\">\n                            Consejos Para Mantener Un Proceso de E-Coat en Condiciones \u00d3ptimas de Operaci\u00f3n                    <\/a>\n                <\/h2>\n                                                                                                                                                                                            <p>Por Ing. Miguel \u00c1ngel Gu\u00eda, Gerente de Ventas en TTX M\u00e9xico y cuenta con m\u00e1s de 35 a\u00f1os de experiencia en la industria de acabados superficiales Cuando estamos a cargo de un Proceso de E-Coat (Electrofor\u00e9tico) es importante considerar una serie de par\u00e1metros y variables que afectar\u00e1n, de manera muy directa, la apariencia y el [&hellip;]<\/p>\n                                                                                                                                                        <div class=\"btn-wraper\">\n                                    \n                                                                            <a href=\"http:\/\/www.inq.mx\/ttx\/consejos-para-mantener-un-proceso-de-e-coat-en-condiciones-optimas-de-operacion\/\" class=\"elementskit-btn \" >\n                                                                                    Leer m\u00e1s                                        <\/a>\n                                                                    <\/div>\n                                                    <\/div><!-- .elementskit-post-body END -->\n                    <\/div>\n                \n            <\/div>\n                    <div class=\"col-lg-4 col-md-6\">\n\n                                    <div class=\"elementskit-post-image-card\">\n                        <div class=\"elementskit-entry-header\">\n                                                            <a href=\"http:\/\/www.inq.mx\/ttx\/sistemas-de-e-coat\/\" class=\"elementskit-entry-thumb\">\n                                    <img src=\"http:\/\/www.inq.mx\/ttx\/wp-content\/uploads\/2021\/03\/TTx-Hoist-scaled.jpg\" alt=\"Ventajas de los Sistemas de E-Coat\">\n                                <\/a><!-- .elementskit-entry-thumb END -->\n                                                            \n                                                    <\/div><!-- .elementskit-entry-header END -->\n\n                        <div class=\"elementskit-post-body \">\n                            \n                                                                                                                <div class=\"post-meta-list\">\n                                                                                                <span class=\"meta-date\">\n\n                                <i aria-hidden=\"true\" class=\"far fa-calendar-alt\"><\/i>\n                                <span class=\"meta-date-text\">\n                                    marzo 18, 2021                                <\/span>\n                            <\/span>\n                                                                                                            <\/div>\n                                                                        \n                                        \n                                                                                                <h2 class=\"entry-title\">\n                    <a href=\"http:\/\/www.inq.mx\/ttx\/sistemas-de-e-coat\/\">\n                            Ventajas de los Sistemas de E-Coat                    <\/a>\n                <\/h2>\n                                                                                                                                                                                            <p>Therma-Tron-X es el fabricante l\u00edder global de sistemas E-coat. Los dise\u00f1os patentados de TTX, y los avances tecnol\u00f3gicos en E-coat, han revolucionado la industria. Desde el Concepto hasta el Dise\u00f1o, desde la Fabricaci\u00f3n a la Instalaci\u00f3n, desde el Servicio hasta la Satisfacci\u00f3n Total, TTX dise\u00f1a sistemas seg\u00fan las especificaciones de cada cliente. \u00bfQu\u00e9 es el [&hellip;]<\/p>\n                                                                                                                                                        <div class=\"btn-wraper\">\n                                    \n                                                                            <a href=\"http:\/\/www.inq.mx\/ttx\/sistemas-de-e-coat\/\" class=\"elementskit-btn \" >\n                                                                                    Leer m\u00e1s                                        <\/a>\n                                                                    <\/div>\n                                                    <\/div><!-- .elementskit-post-body END -->\n                    <\/div>\n                \n            <\/div>\n                    <div class=\"col-lg-4 col-md-6\">\n\n                                    <div class=\"elementskit-post-image-card\">\n                        <div class=\"elementskit-entry-header\">\n                                                            <a href=\"http:\/\/www.inq.mx\/ttx\/ttx-mexico-joins-empresa-positiva\/\" class=\"elementskit-entry-thumb\">\n                                    <img src=\"http:\/\/www.inq.mx\/ttx\/wp-content\/uploads\/2020\/11\/Captura-de-pantalla-2021-07-29-a-las-16.47.04.png\" alt=\"TTX M\u00e9xico joins Empresa Positiva\">\n                                <\/a><!-- .elementskit-entry-thumb END -->\n                                                            \n                                                    <\/div><!-- .elementskit-entry-header END -->\n\n                        <div class=\"elementskit-post-body \">\n                            \n                                                                                                                <div class=\"post-meta-list\">\n                                                                                                <span class=\"meta-date\">\n\n                                <i aria-hidden=\"true\" class=\"far fa-calendar-alt\"><\/i>\n                                <span class=\"meta-date-text\">\n                                    noviembre 5, 2020                                <\/span>\n                            <\/span>\n                                                                                                            <\/div>\n                                                                        \n                                        \n                                                                                                <h2 class=\"entry-title\">\n                    <a href=\"http:\/\/www.inq.mx\/ttx\/ttx-mexico-joins-empresa-positiva\/\">\n                            TTX M\u00e9xico joins Empresa Positiva                    <\/a>\n                <\/h2>\n                                                                                                                                                                                            <p>San Pedro Garza Garc\u00eda, Nuevo Le\u00f3n, Mexico. &#8211; On October 25, the company TTX M\u00e9xico announced its decision to participate in the Empresa Positiva\u00ae initiative, which consists of supporting a series of programs and other initiatives for the benefit of the community, associations, start-ups, and small businesses, mainly. TTX M\u00e9xico, located in San Pedro Garza [&hellip;]<\/p>\n                                                                                                                                                        <div class=\"btn-wraper\">\n                                    \n                                                                            <a href=\"http:\/\/www.inq.mx\/ttx\/ttx-mexico-joins-empresa-positiva\/\" class=\"elementskit-btn \" >\n                                                                                    Leer m\u00e1s                                        <\/a>\n                                                                    <\/div>\n                                                    <\/div><!-- .elementskit-post-body END -->\n                    <\/div>\n                \n            <\/div>\n                    <div class=\"col-lg-4 col-md-6\">\n\n                                    <div class=\"elementskit-post-image-card\">\n                        <div class=\"elementskit-entry-header\">\n                                                            <a href=\"http:\/\/www.inq.mx\/ttx\/ttx-mexico-se-une-a-empresa-positiva\/\" class=\"elementskit-entry-thumb\">\n                                    <img src=\"http:\/\/www.inq.mx\/ttx\/wp-content\/uploads\/2020\/11\/Captura-de-pantalla-2021-07-29-a-las-16.47.04.png\" alt=\"TTX M\u00e9xico se une a Empresa Positiva\">\n                                <\/a><!-- .elementskit-entry-thumb END -->\n                                                            \n                                                    <\/div><!-- .elementskit-entry-header END -->\n\n                        <div class=\"elementskit-post-body \">\n                            \n                                                                                                                <div class=\"post-meta-list\">\n                                                                                                <span class=\"meta-date\">\n\n                                <i aria-hidden=\"true\" class=\"far fa-calendar-alt\"><\/i>\n                                <span class=\"meta-date-text\">\n                                    noviembre 4, 2020                                <\/span>\n                            <\/span>\n                                                                                                            <\/div>\n                                                                        \n                                        \n                                                                                                <h2 class=\"entry-title\">\n                    <a href=\"http:\/\/www.inq.mx\/ttx\/ttx-mexico-se-une-a-empresa-positiva\/\">\n                            TTX M\u00e9xico se une a Empresa Positiva                    <\/a>\n                <\/h2>\n                                                                                                                                                                                            <p>&nbsp; San Pedro Garza Garc\u00eda, Nuevo Le\u00f3n, M\u00e9xico. &#8211; El pasado 25 de octubre la empresa TTX M\u00e9xico dio a conocer su decisi\u00f3n de participar en la iniciativa Empresa Positiva\u00ae, la cual consiste en apoyar una serie de programas, y otras iniciativas, en beneficio de la comunidad, asociaciones, start-ups, peque\u00f1as empresas y negocios, principalmente. TTX [&hellip;]<\/p>\n                                                                                                                                                        <div class=\"btn-wraper\">\n                                    \n                                                                            <a href=\"http:\/\/www.inq.mx\/ttx\/ttx-mexico-se-une-a-empresa-positiva\/\" class=\"elementskit-btn \" >\n                                                                                    Leer m\u00e1s                                        <\/a>\n                                                                    <\/div>\n                                                    <\/div><!-- .elementskit-post-body END -->\n                    <\/div>\n                \n            <\/div>\n                    <div class=\"col-lg-4 col-md-6\">\n\n                                    <div class=\"elementskit-post-image-card\">\n                        <div class=\"elementskit-entry-header\">\n                                                            <a href=\"http:\/\/www.inq.mx\/ttx\/sin-cadena-ttx-acc-un-sistema-de-transporte-aereo-superflexible-cargador-por-cargador\/\" class=\"elementskit-entry-thumb\">\n                                    <img src=\"http:\/\/www.inq.mx\/ttx\/wp-content\/uploads\/2021\/02\/destacados3.jpg\" alt=\"SIN CADENA: TTX-ACC\u00ae UN SISTEMA DE TRANSPORTE A\u00c9REO SUPERFLEXIBLE, CARGADOR POR CARGADOR\">\n                                <\/a><!-- .elementskit-entry-thumb END -->\n                                                            \n                                                    <\/div><!-- .elementskit-entry-header END -->\n\n                        <div class=\"elementskit-post-body \">\n                            \n                                                                                                                <div class=\"post-meta-list\">\n                                                                                                <span class=\"meta-date\">\n\n                                <i aria-hidden=\"true\" class=\"far fa-calendar-alt\"><\/i>\n                                <span class=\"meta-date-text\">\n                                    octubre 22, 2020                                <\/span>\n                            <\/span>\n                                                                                                            <\/div>\n                                                                        \n                                        \n                                                                                                <h2 class=\"entry-title\">\n                    <a href=\"http:\/\/www.inq.mx\/ttx\/sin-cadena-ttx-acc-un-sistema-de-transporte-aereo-superflexible-cargador-por-cargador\/\">\n                            SIN CADENA: TTX-ACC\u00ae UN SISTEMA DE TRANSPORTE A\u00c9REO SUPERFLEXIBLE, CARGADOR POR CARGADOR                    <\/a>\n                <\/h2>\n                                                                                                                                                                                            <p>&nbsp; La importante revista europea Recubrimientos Industriales realiz\u00f3 un reportaje sobre nuestro sistema de Manejo de Materiales TTX-ACC\u00ae, compartimos a continuaci\u00f3n el material. Introducci\u00f3n En TTX, Wisconsin, EE.UU. nos dedicamos al dise\u00f1o y fabricaci\u00f3n de l\u00edneas industriales de acabado, equipos de manejo de materiales, sistemas de tratamiento de agua y aguas residuales. En este art\u00edculo [&hellip;]<\/p>\n                                                                                                                                                        <div class=\"btn-wraper\">\n                                    \n                                                                            <a href=\"http:\/\/www.inq.mx\/ttx\/sin-cadena-ttx-acc-un-sistema-de-transporte-aereo-superflexible-cargador-por-cargador\/\" class=\"elementskit-btn \" >\n                                                                                    Leer m\u00e1s                                        <\/a>\n                                                                    <\/div>\n                                                    <\/div><!-- .elementskit-post-body END -->\n                    <\/div>\n                \n            <\/div>\n                    <div class=\"col-lg-4 col-md-6\">\n\n                                    <div class=\"elementskit-post-image-card\">\n                        <div class=\"elementskit-entry-header\">\n                                                            <a href=\"http:\/\/www.inq.mx\/ttx\/comparativa-entre-hornos-de-gas-vs-hornos-electricos\/\" class=\"elementskit-entry-thumb\">\n                                    <img src=\"http:\/\/www.inq.mx\/ttx\/wp-content\/uploads\/2020\/10\/BannerHAD-02-1.jpg\" alt=\"Comparativa entre hornos de gas vs. hornos el\u00e9ctricos\">\n                                <\/a><!-- .elementskit-entry-thumb END -->\n                                                            \n                                                    <\/div><!-- .elementskit-entry-header END -->\n\n                        <div class=\"elementskit-post-body \">\n                            \n                                                                                                                <div class=\"post-meta-list\">\n                                                                                                <span class=\"meta-date\">\n\n                                <i aria-hidden=\"true\" class=\"far fa-calendar-alt\"><\/i>\n                                <span class=\"meta-date-text\">\n                                    octubre 19, 2020                                <\/span>\n                            <\/span>\n                                                                                                            <\/div>\n                                                                        \n                                        \n                                                                                                <h2 class=\"entry-title\">\n                    <a href=\"http:\/\/www.inq.mx\/ttx\/comparativa-entre-hornos-de-gas-vs-hornos-electricos\/\">\n                            Comparativa entre hornos de gas vs. hornos el\u00e9ctricos                    <\/a>\n                <\/h2>\n                                                                                                                                                                                            <p>La prestigiada revista Products Finishing M\u00e9xico entrevist\u00f3 a nuestro Managing Director, Pedro Castillo, compartimos el contenido de la misma. Los hornos de gas y el\u00e9ctricos tienen ventajas y desventajas, pero quiz\u00e1s la decisi\u00f3n de cu\u00e1l de ellos elegir depender\u00e1 de distintos aspectos operativos, se\u00f1ala el experto Pedro Castillo, de TTX M\u00e9xico y Latam. Pregunta: Tenemos [&hellip;]<\/p>\n                                                                                                                                                        <div class=\"btn-wraper\">\n                                    \n                                                                            <a href=\"http:\/\/www.inq.mx\/ttx\/comparativa-entre-hornos-de-gas-vs-hornos-electricos\/\" class=\"elementskit-btn \" >\n                                                                                    Leer m\u00e1s                                        <\/a>\n                                                                    <\/div>\n                                                    <\/div><!-- .elementskit-post-body END -->\n                    <\/div>\n                \n            <\/div>\n                    <div class=\"col-lg-4 col-md-6\">\n\n                                    <div class=\"elementskit-post-image-card\">\n                        <div class=\"elementskit-entry-header\">\n                                                            <a href=\"http:\/\/www.inq.mx\/ttx\/que-es-lo-que-debo-de-tomar-en-cuenta-al-momento-de-elegir-un-sistema-automatizado-de-pintura\/\" class=\"elementskit-entry-thumb\">\n                                    <img src=\"http:\/\/www.inq.mx\/ttx\/wp-content\/uploads\/2021\/02\/quienes2-1.jpg\" alt=\"\u00bfQu\u00e9 es lo que debo de tomar en cuenta al momento de elegir un sistema automatizado de pintura?\">\n                                <\/a><!-- .elementskit-entry-thumb END -->\n                                                            \n                                                    <\/div><!-- .elementskit-entry-header END -->\n\n                        <div class=\"elementskit-post-body \">\n                            \n                                                                                                                <div class=\"post-meta-list\">\n                                                                                                <span class=\"meta-date\">\n\n                                <i aria-hidden=\"true\" class=\"far fa-calendar-alt\"><\/i>\n                                <span class=\"meta-date-text\">\n                                    julio 17, 2019                                <\/span>\n                            <\/span>\n                                                                                                            <\/div>\n                                                                        \n                                        \n                                                                                                <h2 class=\"entry-title\">\n                    <a href=\"http:\/\/www.inq.mx\/ttx\/que-es-lo-que-debo-de-tomar-en-cuenta-al-momento-de-elegir-un-sistema-automatizado-de-pintura\/\">\n                            \u00bfQu\u00e9 es lo que debo de tomar en cuenta al momento de elegir un sistema automatizado de pintura?                    <\/a>\n                <\/h2>\n                                                                                                                                                                                            <p>Por: Pedro Castillo La diferencia entre una Firma de Ingenier\u00eda y un Fabricante Verticalmente Integrado es una brecha muy corta y, a la vez, muy grande. Muy corta desde la perspectiva de precio-inversi\u00f3n a soluciones integradas y muy grande desde el punto de vista de infraestructura e ingenier\u00eda que respaldan a la soluci\u00f3n ofrecida como [&hellip;]<\/p>\n                                                                                                                                                        <div class=\"btn-wraper\">\n                                    \n                                                                            <a href=\"http:\/\/www.inq.mx\/ttx\/que-es-lo-que-debo-de-tomar-en-cuenta-al-momento-de-elegir-un-sistema-automatizado-de-pintura\/\" class=\"elementskit-btn \" >\n                                                                                    Leer m\u00e1s                                        <\/a>\n                                                                    <\/div>\n                                                    <\/div><!-- .elementskit-post-body END -->\n                    <\/div>\n                \n            <\/div>\n                    <div class=\"col-lg-4 col-md-6\">\n\n                                    <div class=\"elementskit-post-image-card\">\n                        <div class=\"elementskit-entry-header\">\n                                                            <a href=\"http:\/\/www.inq.mx\/ttx\/ttx-mexico-received-n-l-state-government-visit-at-fabtech-mexico\/\" class=\"elementskit-entry-thumb\">\n                                    <img src=\"http:\/\/www.inq.mx\/ttx\/wp-content\/uploads\/2019\/05\/economia.jpeg\" alt=\"TTX Mexico received N.L. State Government visit at Fabtech Mexico\">\n                                <\/a><!-- .elementskit-entry-thumb END -->\n                                                            \n                                                    <\/div><!-- .elementskit-entry-header END -->\n\n                        <div class=\"elementskit-post-body \">\n                            \n                                                                                                                <div class=\"post-meta-list\">\n                                                                                                <span class=\"meta-date\">\n\n                                <i aria-hidden=\"true\" class=\"far fa-calendar-alt\"><\/i>\n                                <span class=\"meta-date-text\">\n                                    mayo 15, 2019                                <\/span>\n                            <\/span>\n                                                                                                            <\/div>\n                                                                        \n                                        \n                                                                                                <h2 class=\"entry-title\">\n                    <a href=\"http:\/\/www.inq.mx\/ttx\/ttx-mexico-received-n-l-state-government-visit-at-fabtech-mexico\/\">\n                            TTX Mexico received N.L. State Government visit at Fabtech Mexico                    <\/a>\n                <\/h2>\n                                                                                                                                                                                            <p>Within the framework of the Fabtech Mexico 2019 Exhibition, which took place at CINTERMEX facilities in Monterrey, N.L., M\u00e9xico on May 7-9, a meeting was held between TTX M\u00e9xico Management executives and Government Officials of the State of Nuevo Le\u00f3n, M\u00e9xico. Pedro Castillo, TTX\u2019s Managing Director for Mexico and Latin America, explained to Nallely Garza, [&hellip;]<\/p>\n                                                                                                                                                        <div class=\"btn-wraper\">\n                                    \n                                                                            <a href=\"http:\/\/www.inq.mx\/ttx\/ttx-mexico-received-n-l-state-government-visit-at-fabtech-mexico\/\" class=\"elementskit-btn \" >\n                                                                                    Leer m\u00e1s                                        <\/a>\n                                                                    <\/div>\n                                                    <\/div><!-- .elementskit-post-body END -->\n                    <\/div>\n                \n            <\/div>\n                    <div class=\"col-lg-4 col-md-6\">\n\n                                    <div class=\"elementskit-post-image-card\">\n                        <div class=\"elementskit-entry-header\">\n                                                            <a href=\"http:\/\/www.inq.mx\/ttx\/recibe-ttx-visita-del-gobierno-de-nuevo-leon\/\" class=\"elementskit-entry-thumb\">\n                                    <img src=\"http:\/\/www.inq.mx\/ttx\/wp-content\/uploads\/2019\/05\/economia.jpeg\" alt=\"Recibe TTX visita del Gobierno de Nuevo Le\u00f3n\">\n                                <\/a><!-- .elementskit-entry-thumb END -->\n                                                            \n                                                    <\/div><!-- .elementskit-entry-header END -->\n\n                        <div class=\"elementskit-post-body \">\n                            \n                                                                                                                <div class=\"post-meta-list\">\n                                                                                                <span class=\"meta-date\">\n\n                                <i aria-hidden=\"true\" class=\"far fa-calendar-alt\"><\/i>\n                                <span class=\"meta-date-text\">\n                                    mayo 14, 2019                                <\/span>\n                            <\/span>\n                                                                                                            <\/div>\n                                                                        \n                                        \n                                                                                                <h2 class=\"entry-title\">\n                    <a href=\"http:\/\/www.inq.mx\/ttx\/recibe-ttx-visita-del-gobierno-de-nuevo-leon\/\">\n                            Recibe TTX visita del Gobierno de Nuevo Le\u00f3n                    <\/a>\n                <\/h2>\n                                                                                                                                                                                            <p>En el marco de la Exposici\u00f3n Fabtech M\u00e9xico 2019, que se desarrolla en las instalaciones de Cintermex, en Monterrey, N.L. se realiz\u00f3 una reuni\u00f3n entre directivos de TTX y funcionarios del Gobierno del estado de Nuevo Le\u00f3n. El Ing. Pedro Castillo, Managing Director de TTX para M\u00e9xico y Latinoam\u00e9rica, expuso ante la Lic. Nallely Garza, [&hellip;]<\/p>\n                                                                                                                                                        <div class=\"btn-wraper\">\n                                    \n                                                                            <a href=\"http:\/\/www.inq.mx\/ttx\/recibe-ttx-visita-del-gobierno-de-nuevo-leon\/\" class=\"elementskit-btn \" >\n                                                                                    Leer m\u00e1s                                        <\/a>\n                                                                    <\/div>\n                                                    <\/div><!-- .elementskit-post-body END -->\n                    <\/div>\n                \n            <\/div>\n                    <div class=\"col-lg-4 col-md-6\">\n\n                                    <div class=\"elementskit-post-image-card\">\n                        <div class=\"elementskit-entry-header\">\n                                                            <a href=\"http:\/\/www.inq.mx\/ttx\/refrenda-liderazgo-ttx-mexico-liderazgo-patentado-con-su-participacion-en-surface-finishing-mexico\/\" class=\"elementskit-entry-thumb\">\n                                    <img src=\"http:\/\/www.inq.mx\/ttx\/wp-content\/uploads\/2019\/03\/sfm19.jpeg\" alt=\"REFRENDA TTX M\u00c9XICO LIDERAZGO PATENTADO CON SU PARTICIPACI\u00d3N EN SURFACE FINISHING M\u00c9XICO\">\n                                <\/a><!-- .elementskit-entry-thumb END -->\n                                                            \n                                                    <\/div><!-- .elementskit-entry-header END -->\n\n                        <div class=\"elementskit-post-body \">\n                            \n                                                                                                                <div class=\"post-meta-list\">\n                                                                                                <span class=\"meta-date\">\n\n                                <i aria-hidden=\"true\" class=\"far fa-calendar-alt\"><\/i>\n                                <span class=\"meta-date-text\">\n                                    marzo 27, 2019                                <\/span>\n                            <\/span>\n                                                                                                            <\/div>\n                                                                        \n                                        \n                                                                                                <h2 class=\"entry-title\">\n                    <a href=\"http:\/\/www.inq.mx\/ttx\/refrenda-liderazgo-ttx-mexico-liderazgo-patentado-con-su-participacion-en-surface-finishing-mexico\/\">\n                            REFRENDA TTX M\u00c9XICO LIDERAZGO PATENTADO CON SU PARTICIPACI\u00d3N EN SURFACE FINISHING M\u00c9XICO                    <\/a>\n                <\/h2>\n                                                                                                                                                                                            <p>El\u00a0equipo de TTX M\u00e9xico particip\u00f3 con un stand\u00a0en Surface Finishing M\u00e9xico, Exposici\u00f3n de la\u00a0Industria de Acabados\u00a0\u00a0Superficiales que cada a\u00f1o va tomando mayor fuerza. Dicho evento reuni\u00f3 a proveedores y compradores de la industria en el Centro de Convenciones Cintermex de la ciudad de Monterrey, M\u00e9xico. \u00a0 El evento fue organizado por la\u00a0Asociaci\u00f3n Mexicana de Industriales [&hellip;]<\/p>\n                                                                                                                                                        <div class=\"btn-wraper\">\n                                    \n                                                                            <a href=\"http:\/\/www.inq.mx\/ttx\/refrenda-liderazgo-ttx-mexico-liderazgo-patentado-con-su-participacion-en-surface-finishing-mexico\/\" class=\"elementskit-btn \" >\n                                                                                    Leer m\u00e1s                                        <\/a>\n                                                                    <\/div>\n                                                    <\/div><!-- .elementskit-post-body END -->\n                    <\/div>\n                \n            <\/div>\n                    <div class=\"col-lg-4 col-md-6\">\n\n                                    <div class=\"elementskit-post-image-card\">\n                        <div class=\"elementskit-entry-header\">\n                                                            <a href=\"http:\/\/www.inq.mx\/ttx\/ttx-ambiental-especialistas-en-agua-excepcionalmente-limpia\/\" class=\"elementskit-entry-thumb\">\n                                    <img src=\"http:\/\/www.inq.mx\/ttx\/wp-content\/uploads\/2019\/02\/20200924_122410-scaled-e1711468253812.jpg\" alt=\"TTX Ambiental: especialistas en Agua Excepcionalmente Limpia\">\n                                <\/a><!-- .elementskit-entry-thumb END -->\n                                                            \n                                                    <\/div><!-- .elementskit-entry-header END -->\n\n                        <div class=\"elementskit-post-body \">\n                            \n                                                                                                                <div class=\"post-meta-list\">\n                                                                                                <span class=\"meta-date\">\n\n                                <i aria-hidden=\"true\" class=\"far fa-calendar-alt\"><\/i>\n                                <span class=\"meta-date-text\">\n                                    febrero 8, 2019                                <\/span>\n                            <\/span>\n                                                                                                            <\/div>\n                                                                        \n                                        \n                                                                                                <h2 class=\"entry-title\">\n                    <a href=\"http:\/\/www.inq.mx\/ttx\/ttx-ambiental-especialistas-en-agua-excepcionalmente-limpia\/\">\n                            TTX Ambiental: especialistas en Agua Excepcionalmente Limpia                    <\/a>\n                <\/h2>\n                                                                                                                                                                                            <p>Los requerimientos de agua en los procesos de manufactura son esenciales, aunque no siempre recibe la importancia debida. Es indispensable conocer las diversas exigencias de cada industria y sus balances de negocio, para poder considerarse un especialista en el desarrollo de soluciones en tratamiento de agua: la Divisi\u00f3n Ambiental de TTX es uno de ellos [&hellip;]<\/p>\n                                                                                                                                                        <div class=\"btn-wraper\">\n                                    \n                                                                            <a href=\"http:\/\/www.inq.mx\/ttx\/ttx-ambiental-especialistas-en-agua-excepcionalmente-limpia\/\" class=\"elementskit-btn \" >\n                                                                                    Leer m\u00e1s                                        <\/a>\n                                                                    <\/div>\n                                                    <\/div><!-- .elementskit-post-body END -->\n                    <\/div>\n                \n            <\/div>\n                    <div class=\"col-lg-4 col-md-6\">\n\n                                    <div class=\"elementskit-post-image-card\">\n                        <div class=\"elementskit-entry-header\">\n                                                            <a href=\"http:\/\/www.inq.mx\/ttx\/publicacion-de-la-revista-products-finishing-mexico-sobre-ttx\/\" class=\"elementskit-entry-thumb\">\n                                    <img src=\"http:\/\/www.inq.mx\/ttx\/wp-content\/uploads\/2019\/02\/Captura-de-pantalla-2021-07-29-a-las-11.53.32.png\" alt=\"Publicaci\u00f3n de la Revista Products Finishing M\u00e9xico sobre TTX\">\n                                <\/a><!-- .elementskit-entry-thumb END -->\n                                                            \n                                                    <\/div><!-- .elementskit-entry-header END -->\n\n                        <div class=\"elementskit-post-body \">\n                            \n                                                                                                                <div class=\"post-meta-list\">\n                                                                                                <span class=\"meta-date\">\n\n                                <i aria-hidden=\"true\" class=\"far fa-calendar-alt\"><\/i>\n                                <span class=\"meta-date-text\">\n                                    febrero 6, 2019                                <\/span>\n                            <\/span>\n                                                                                                            <\/div>\n                                                                        \n                                        \n                                                                                                <h2 class=\"entry-title\">\n                    <a href=\"http:\/\/www.inq.mx\/ttx\/publicacion-de-la-revista-products-finishing-mexico-sobre-ttx\/\">\n                            Publicaci\u00f3n de la Revista Products Finishing M\u00e9xico sobre TTX                    <\/a>\n                <\/h2>\n                                                                                                                                                                                            <p>&nbsp; La prestigiada\u00a0revista especializada\u00a0Products Finishing M\u00e9xico realiz\u00f3 una publicaci\u00f3n sobre la llegada de TTX a M\u00e9xico. La nota completa la pueden leer en el siguiente enlace https:\/\/www.pf-mex.com\/blog\/post\/ttx-abre-su-primera-filial-internacional-en-monterrey-nuevo-leon &nbsp;<\/p>\n                                                                                                                                                        <div class=\"btn-wraper\">\n                                    \n                                                                            <a href=\"http:\/\/www.inq.mx\/ttx\/publicacion-de-la-revista-products-finishing-mexico-sobre-ttx\/\" class=\"elementskit-btn \" >\n                                                                                    Leer m\u00e1s                                        <\/a>\n                                                                    <\/div>\n                                                    <\/div><!-- .elementskit-post-body END -->\n                    <\/div>\n                \n            <\/div>\n                    <div class=\"col-lg-4 col-md-6\">\n\n                                    <div class=\"elementskit-post-image-card\">\n                        <div class=\"elementskit-entry-header\">\n                                                            <a href=\"http:\/\/www.inq.mx\/ttx\/vida-economica-de-un-equipo-ttx-y-como-determinar-su-costo-de-mantenimiento-anual\/\" class=\"elementskit-entry-thumb\">\n                                    <img src=\"http:\/\/www.inq.mx\/ttx\/wp-content\/uploads\/2021\/02\/contacto2.jpg\" alt=\"Vida econ\u00f3mica de un equipo TTX y su costo de mantenimiento anual\">\n                                <\/a><!-- .elementskit-entry-thumb END -->\n                                                            \n                                                    <\/div><!-- .elementskit-entry-header END -->\n\n                        <div class=\"elementskit-post-body \">\n                            \n                                                                                                                <div class=\"post-meta-list\">\n                                                                                                <span class=\"meta-date\">\n\n                                <i aria-hidden=\"true\" class=\"far fa-calendar-alt\"><\/i>\n                                <span class=\"meta-date-text\">\n                                    enero 28, 2019                                <\/span>\n                            <\/span>\n                                                                                                            <\/div>\n                                                                        \n                                        \n                                                                                                <h2 class=\"entry-title\">\n                    <a href=\"http:\/\/www.inq.mx\/ttx\/vida-economica-de-un-equipo-ttx-y-como-determinar-su-costo-de-mantenimiento-anual\/\">\n                            Vida econ\u00f3mica de un equipo TTX y su costo de mantenimiento anual                    <\/a>\n                <\/h2>\n                                                                                                                                                                                            <p>Una gran inversio\u0301n debe tener una larga durabilidad, que permita el retorno de la inversio\u0301n, su depreciacio\u0301n financiera y mantenga un muy buen valor de recompra a trave\u0301s de los an\u0303os. Estas son caracteri\u0301sticas que los equipos TTX han demostrado en las u\u0301ltimas de\u0301cadas. El te\u0301rmino de Vida Econo\u0301mica es diferente a la Vida Fi\u0301sica [&hellip;]<\/p>\n                                                                                                                                                        <div class=\"btn-wraper\">\n                                    \n                                                                            <a href=\"http:\/\/www.inq.mx\/ttx\/vida-economica-de-un-equipo-ttx-y-como-determinar-su-costo-de-mantenimiento-anual\/\" class=\"elementskit-btn \" >\n                                                                                    Leer m\u00e1s                                        <\/a>\n                                                                    <\/div>\n                                                    <\/div><!-- .elementskit-post-body END -->\n                    <\/div>\n                \n            <\/div>\n                    <div class=\"col-lg-4 col-md-6\">\n\n                                    <div class=\"elementskit-post-image-card\">\n                        <div class=\"elementskit-entry-header\">\n                                                            <a href=\"http:\/\/www.inq.mx\/ttx\/sistema-sst-para-pintura-ecoating\/\" class=\"elementskit-entry-thumb\">\n                                    <img src=\"http:\/\/www.inq.mx\/ttx\/wp-content\/uploads\/2019\/01\/SST2.jpeg\" alt=\"Sistema SST\u00ae para pintura Ecoating\">\n                                <\/a><!-- .elementskit-entry-thumb END -->\n                                                            \n                                                    <\/div><!-- .elementskit-entry-header END -->\n\n                        <div class=\"elementskit-post-body \">\n                            \n                                                                                                                <div class=\"post-meta-list\">\n                                                                                                <span class=\"meta-date\">\n\n                                <i aria-hidden=\"true\" class=\"far fa-calendar-alt\"><\/i>\n                                <span class=\"meta-date-text\">\n                                    enero 25, 2019                                <\/span>\n                            <\/span>\n                                                                                                            <\/div>\n                                                                        \n                                        \n                                                                                                <h2 class=\"entry-title\">\n                    <a href=\"http:\/\/www.inq.mx\/ttx\/sistema-sst-para-pintura-ecoating\/\">\n                            Sistema SST\u00ae para pintura Ecoating                    <\/a>\n                <\/h2>\n                                                                                                                                                                                            <p>El sistema SST\u00ae para Pintura Ecoating, es el equipo s\u00edmbolo del m\u00e1s alto prestigio en todas las industrias de acabados, a nivel global. Nuestras patentes en tecnolog\u00eda garantizan la m\u00e1s alta calidad e ingenier\u00eda asegurando el m\u00e1s bajo costo de mantenimiento, utilizando componentes altamente confiables.<\/p>\n                                                                                                                                                        <div class=\"btn-wraper\">\n                                    \n                                                                            <a href=\"http:\/\/www.inq.mx\/ttx\/sistema-sst-para-pintura-ecoating\/\" class=\"elementskit-btn \" >\n                                                                                    Leer m\u00e1s                                        <\/a>\n                                                                    <\/div>\n                                                    <\/div><!-- .elementskit-post-body END -->\n                    <\/div>\n                \n            <\/div>\n                    <div class=\"col-lg-4 col-md-6\">\n\n                                    <div class=\"elementskit-post-image-card\">\n                        <div class=\"elementskit-entry-header\">\n                                                            <a href=\"http:\/\/www.inq.mx\/ttx\/elige-therma-tron-x-inc-a-mexico-para-lanzar-su-primer-filial-internacional\/\" class=\"elementskit-entry-thumb\">\n                                    <img src=\"http:\/\/www.inq.mx\/ttx\/wp-content\/uploads\/2019\/01\/in-search-of-sunrise-2021-04-05-01-15-50-utc-scaled.jpg\" alt=\"Elige Therma-Tron-X, Inc. a M\u00e9xico para lanzar su primer filial internacional\">\n                                <\/a><!-- .elementskit-entry-thumb END -->\n                                                            \n                                                    <\/div><!-- .elementskit-entry-header END -->\n\n                        <div class=\"elementskit-post-body \">\n                            \n                                                                                                                <div class=\"post-meta-list\">\n                                                                                                <span class=\"meta-date\">\n\n                                <i aria-hidden=\"true\" class=\"far fa-calendar-alt\"><\/i>\n                                <span class=\"meta-date-text\">\n                                    enero 8, 2019                                <\/span>\n                            <\/span>\n                                                                                                            <\/div>\n                                                                        \n                                        \n                                                                                                <h2 class=\"entry-title\">\n                    <a href=\"http:\/\/www.inq.mx\/ttx\/elige-therma-tron-x-inc-a-mexico-para-lanzar-su-primer-filial-internacional\/\">\n                            Elige Therma-Tron-X, Inc. a M\u00e9xico para lanzar su primer filial internacional                    <\/a>\n                <\/h2>\n                                                                                                                                                                                            <p>Therma-Tron-X, Inc. (TTX) eligi\u00f3 a M\u00e9xico para abrir su primera filial internacional, que lleva por nombre TTX M\u00e9xico. TTX es una empresa l\u00edder en el dise\u00f1o y fabricaci\u00f3n de sistemas de acabado de pintura a la medida para clientes industriales, y equipos de tratamiento de agua industrial. La decisi\u00f3n de establecerse en M\u00e9xico se dio [&hellip;]<\/p>\n                                                                                                                                                        <div class=\"btn-wraper\">\n                                    \n                                                                            <a href=\"http:\/\/www.inq.mx\/ttx\/elige-therma-tron-x-inc-a-mexico-para-lanzar-su-primer-filial-internacional\/\" class=\"elementskit-btn \" >\n                                                                                    Leer m\u00e1s                                        <\/a>\n                                                                    <\/div>\n                                                    <\/div><!-- .elementskit-post-body END -->\n                    <\/div>\n                \n            <\/div>\n                <\/div>\n       <\/div>\t\t<\/div>\n\t\t\t\t<\/div>\n\t\t\t\t\t\t<\/div>\n\t\t\t\t\t<\/div>\n\t\t<\/div>\n\t\t\t\t\t\t\t\t<\/div>\n\t\t\t\t\t<\/div>\n\t\t<\/section>\n\t\t\t\t\t\t<\/div>\n\t\t\t\t\t\t<\/div>\n\t\t\t\t\t<\/div>\n\t\t","protected":false},"excerpt":{"rendered":"<p>Blog abril 16, 2021 Panorama general de la industria en M\u00e9xico Por Ing. Pedro Castillo, Managing Director para M\u00e9xico &amp; LATAM en TTX, con m\u00e1s de 25 a\u00f1os de experiencia en diversas industrias. La din\u00e1mica de los mercados se ha venido acelerando en los \u00faltimos a\u00f1os, la globalizaci\u00f3n y la presencia de los diversos tratados [&hellip;]<\/p>\n","protected":false},"author":1,"featured_media":0,"parent":0,"menu_order":0,"comment_status":"closed","ping_status":"closed","template":"elementor_header_footer","meta":[],"_links":{"self":[{"href":"http:\/\/www.inq.mx\/ttx\/wp-json\/wp\/v2\/pages\/336"}],"collection":[{"href":"http:\/\/www.inq.mx\/ttx\/wp-json\/wp\/v2\/pages"}],"about":[{"href":"http:\/\/www.inq.mx\/ttx\/wp-json\/wp\/v2\/types\/page"}],"author":[{"embeddable":true,"href":"http:\/\/www.inq.mx\/ttx\/wp-json\/wp\/v2\/users\/1"}],"replies":[{"embeddable":true,"href":"http:\/\/www.inq.mx\/ttx\/wp-json\/wp\/v2\/comments?post=336"}],"version-history":[{"count":19,"href":"http:\/\/www.inq.mx\/ttx\/wp-json\/wp\/v2\/pages\/336\/revisions"}],"predecessor-version":[{"id":2355,"href":"http:\/\/www.inq.mx\/ttx\/wp-json\/wp\/v2\/pages\/336\/revisions\/2355"}],"wp:attachment":[{"href":"http:\/\/www.inq.mx\/ttx\/wp-json\/wp\/v2\/media?parent=336"}],"curies":[{"name":"wp","href":"https:\/\/api.w.org\/{rel}","templated":true}]}}